{"id":205,"date":"2024-12-03T09:02:27","date_gmt":"2024-12-03T08:02:27","guid":{"rendered":"https:\/\/www.capaciti.eu\/?page_id=205"},"modified":"2026-04-13T09:18:31","modified_gmt":"2026-04-13T07:18:31","slug":"a-propos","status":"publish","type":"page","link":"https:\/\/www.capaciti.eu\/de\/a-propos\/","title":{"rendered":"\u00dcber das Projekt"},"content":{"rendered":"<div data-elementor-type=\"wp-page\" data-elementor-id=\"205\" class=\"elementor elementor-205\">\n\t\t\t\t<div class=\"elementor-element elementor-element-0980750 e-flex e-con-boxed e-con e-parent\" data-id=\"0980750\" data-element_type=\"container\">\n\t\t\t\t\t<div class=\"e-con-inner\">\n\t\t<div class=\"elementor-element elementor-element-05c98bb e-con-full e-flex e-con e-child\" data-id=\"05c98bb\" data-element_type=\"container\">\n\t\t\t\t<div class=\"elementor-element elementor-element-6a87ed7 elementor-widget elementor-widget-heading\" data-id=\"6a87ed7\" data-element_type=\"widget\" id=\"presentation\" data-widget_type=\"heading.default\">\n\t\t\t\t<div class=\"elementor-widget-container\">\n\t\t\t\t\t<h2 class=\"elementor-heading-title elementor-size-default\">Pr\u00e4sentation<\/h2>\t\t\t\t<\/div>\n\t\t\t\t<\/div>\n\t\t\t\t<div class=\"elementor-element elementor-element-2858e86 elementor-widget elementor-widget-text-editor\" data-id=\"2858e86\" data-element_type=\"widget\" data-widget_type=\"text-editor.default\">\n\t\t\t\t<div class=\"elementor-widget-container\">\n\t\t\t\t\t\t\t\t\t<p><span data-contrast=\"auto\">Partizipation, Rolle und Handlungsmacht von Kindern bei der F\u00f6rderung ihrer Rechte.<\/span><span data-ccp-props=\"{}\">\u00a0<\/span><\/p><p><b><span data-contrast=\"auto\">Wer sind wir<\/span><\/b><b><span data-contrast=\"auto\">\u202f<\/span><\/b><b><span data-contrast=\"auto\">?<\/span><\/b><span data-contrast=\"auto\">\u202f<\/span><span data-ccp-props=\"{&quot;134233117&quot;:false,&quot;134233118&quot;:false,&quot;201341983&quot;:0,&quot;335559738&quot;:0,&quot;335559739&quot;:0,&quot;335559740&quot;:240}\">\u00a0<\/span><\/p><p class=\"translation-block\">CAPACITI ist ein Projekt, das die aktive Beteiligung von Kindern und ihre Einbeziehung in die Verteidigung und Aus\u00fcbung ihrer Rechte in der Gro\u00dfregion f\u00f6rdern soll. Acht Finanzpartner und derzeit neunzehn methodische Partner engagieren sich f\u00fcr dieses Ziel.<\/p><p class=\"translation-block\"><b><span data-contrast=\"auto\">Den Kindern wieder eine Stimme geben<\/span><\/b><\/p><p class=\"translation-block\">Kinder sind die Zielgruppe dieses vom <b>Interreg-Programm Gro\u00dfregion finanzierten Projekts<\/b> und werden ab Februar 2028 von Beratung, Schulungen, spielp\u00e4dagogischen Materialien (z. B. Serious Games) und auch von interaktiven Geschichten profitieren. Diese Tools werden den Akteur*innen im Bereich des Kinderschutzes und der Kinderrechte angeboten, seien es Praktiker*innen, Familien oder die Kinder selbst.<\/p><p><span data-contrast=\"none\">Sozio\u00f6konomische Ungleichheiten, kulturelle und sprachliche Barrieren, unzureichende Koordination zwischen den verschiedenen Institutionen und Sektoren... Es gibt viele territoriale Herausforderungen, die den Zugang zu den Rechten und ihre Aus\u00fcbung behindern. \n\nCAPACITI vereint Partner*innen sowohl aus dem Verbandswesen, aus der Sozialen Arbeit als auch aus dem akademischen Bereich und will so die aktive Beteiligung der Kinder und ihre Einbeziehung in die Verteidigung und Aus\u00fcbung ihrer Rechte in der Gro\u00dfregion f\u00f6rdern.<\/span><\/p>\t\t\t\t\t\t\t\t<\/div>\n\t\t\t\t<\/div>\n\t\t\t\t<\/div>\n\t\t<div class=\"elementor-element elementor-element-129d9c3 e-con-full e-flex e-con e-child\" data-id=\"129d9c3\" data-element_type=\"container\">\n\t\t\t\t<div class=\"elementor-element elementor-element-5a50c24 elementor-widget elementor-widget-image\" data-id=\"5a50c24\" data-element_type=\"widget\" data-widget_type=\"image.default\">\n\t\t\t\t<div class=\"elementor-widget-container\">\n\t\t\t\t\t\t\t\t\t\t\t\t<figure class=\"wp-caption\">\n\t\t\t\t\t\t\t\t\t\t<img fetchpriority=\"high\" decoding=\"async\" width=\"800\" height=\"811\" src=\"https:\/\/www.capaciti.eu\/wp-content\/uploads\/2025\/01\/map-flags.png\" class=\"attachment-large size-large wp-image-619\" alt=\"\" \/>\t\t\t\t\t\t\t\t\t\t\t<figcaption class=\"widget-image-caption wp-caption-text\">Interreg Gro\u00dfregion, \u00a9 binsfeld<\/figcaption>\n\t\t\t\t\t\t\t\t\t\t<\/figure>\n\t\t\t\t\t\t\t\t\t<\/div>\n\t\t\t\t<\/div>\n\t\t\t\t<\/div>\n\t\t\t\t\t<\/div>\n\t\t\t\t<\/div>\n\t\t<div class=\"elementor-element elementor-element-ad95946 e-flex e-con-boxed e-con e-parent\" data-id=\"ad95946\" data-element_type=\"container\">\n\t\t\t\t\t<div class=\"e-con-inner\">\n\t\t\t\t<div class=\"elementor-element elementor-element-1b6ac58 elementor-widget elementor-widget-heading\" data-id=\"1b6ac58\" data-element_type=\"widget\" id=\"organisation_partenaires\" data-widget_type=\"heading.default\">\n\t\t\t\t<div class=\"elementor-widget-container\">\n\t\t\t\t\t<h2 class=\"elementor-heading-title elementor-size-default\">Partnerorganisationen<\/h2>\t\t\t\t<\/div>\n\t\t\t\t<\/div>\n\t\t\t\t<div class=\"elementor-element elementor-element-f6ae683 elementor-widget elementor-widget-image\" data-id=\"f6ae683\" data-element_type=\"widget\" data-widget_type=\"image.default\">\n\t\t\t\t<div class=\"elementor-widget-container\">\n\t\t\t\t\t\t\t\t\t\t\t\t\t\t\t<img decoding=\"async\" width=\"800\" height=\"360\" src=\"https:\/\/www.capaciti.eu\/wp-content\/uploads\/2025\/01\/image_equipe.png\" class=\"attachment-large size-large wp-image-529\" alt=\"\" \/>\t\t\t\t\t\t\t\t\t\t\t\t\t\t\t<\/div>\n\t\t\t\t<\/div>\n\t\t\t\t\t<\/div>\n\t\t\t\t<\/div>\n\t\t<div class=\"elementor-element elementor-element-ac28a88 e-flex e-con-boxed e-con e-parent\" data-id=\"ac28a88\" data-element_type=\"container\">\n\t\t\t\t\t<div class=\"e-con-inner\">\n\t\t\t\t<div class=\"elementor-element elementor-element-d265c1b elementor-widget elementor-widget-text-editor\" data-id=\"d265c1b\" data-element_type=\"widget\" data-widget_type=\"text-editor.default\">\n\t\t\t\t<div class=\"elementor-widget-container\">\n\t\t\t\t\t\t\t\t\t<p><span data-contrast=\"auto\">Lernen Sie unsere Partnerorganisationen kennen!<\/span><span data-ccp-props=\"{}\">\u00a0<\/span><\/p><p class=\"translation-block\">Das Projekt CAPACITI vereint Akteure sowohl aus dem gemeinn\u00fctzigen als auch aus dem akademischen Bereich. Acht finanzielle und neunzehn methodische Partner arbeiten zusammen, um Kindern die M\u00f6glichkeit zu geben, sich aktiv an der Verteidigung und F\u00f6rderung ihrer Rechte zu beteiligen.<\/p>\t\t\t\t\t\t\t\t<\/div>\n\t\t\t\t<\/div>\n\t\t\t\t<div class=\"elementor-element elementor-element-1dd4fc6 elementor-widget elementor-widget-heading\" data-id=\"1dd4fc6\" data-element_type=\"widget\" data-widget_type=\"heading.default\">\n\t\t\t\t<div class=\"elementor-widget-container\">\n\t\t\t\t\t<h2 class=\"elementor-heading-title elementor-size-default\">Finanzielle Partner<\/h2>\t\t\t\t<\/div>\n\t\t\t\t<\/div>\n\t\t<div class=\"elementor-element elementor-element-0280c9c e-con-full e-flex e-con e-child\" data-id=\"0280c9c\" data-element_type=\"container\">\n\t\t\t\t<div class=\"elementor-element elementor-element-6e79335 elementor-widget elementor-widget-heading\" data-id=\"6e79335\" data-element_type=\"widget\" data-widget_type=\"heading.default\">\n\t\t\t\t<div class=\"elementor-widget-container\">\n\t\t\t\t\t<h3 class=\"elementor-heading-title elementor-size-default\">H\u00e9nallux \u2013 FoRS<\/h3>\t\t\t\t<\/div>\n\t\t\t\t<\/div>\n\t\t\t\t<div class=\"elementor-element elementor-element-c8d3f5f elementor-widget elementor-widget-text-editor\" data-id=\"c8d3f5f\" data-element_type=\"widget\" data-widget_type=\"text-editor.default\">\n\t\t\t\t<div class=\"elementor-widget-container\">\n\t\t\t\t\t\t\t\t\t<p>Die Hochschule H\u00e9nallux (Haute \u00c9cole de Namur-Li\u00e8ge-Luxembourg) ist \u00fcber ihre Forschungsabteilung \u201eFoRS - Recherche\u201c federf\u00fchrend im Projekt CAPACITI und \u00fcbernimmt die administrative und finanzielle Koordination des Projekts. Im Bereich Gesundheit und\/oder Sozialpflege hat sie bereits mehrere nationale und europ\u00e4ische Projekte initiiert, koordiniert und daran teilgenommen.<\/p><p>Die H\u00e9nallux ist in den Provinzen Namur, L\u00fcttich und Luxemburg vertreten. Sie bietet ein nahezu vollst\u00e4ndiges Spektrum an k\u00fcrzerer Ausbildungen im Bereich Hochschulbildung (\u201eBachelor\u201c) sowie Masterstudieng\u00e4nge, mehrere Spezialisierungs- und zahlreiche Weiterbildungsm\u00f6glichkeiten an.<\/p><p>Im Rahmen des Projekts CAPACITI bringt sie ihr Fachwissen im sozialen, paramedizinischen, technischen und p\u00e4dagogischen Bereich ein, um die Beteiligung von Kindern an der Verteidigung ihrer Rechte zu st\u00e4rken.<\/p><p><a href=\"https:\/\/www.youtube.com\/shorts\/jvI8c-6hgJo\" target=\"_blank\" rel=\"noopener\">Sehen Sie sich dieses Video an, um zu erfahren, wie die H\u00e9nallux zum CAPACITI-Projekt beitr\u00e4gt.<\/a><\/p>\t\t\t\t\t\t\t\t<\/div>\n\t\t\t\t<\/div>\n\t\t\t\t<div class=\"elementor-element elementor-element-d4fce80 elementor-button-info elementor-widget elementor-widget-button\" data-id=\"d4fce80\" data-element_type=\"widget\" data-widget_type=\"button.default\">\n\t\t\t\t<div class=\"elementor-widget-container\">\n\t\t\t\t\t\t\t\t\t<div class=\"elementor-button-wrapper\">\n\t\t\t\t\t<a class=\"elementor-button elementor-button-link elementor-size-sm\" href=\"https:\/\/www.henallux.be\/recherche-appliquee\" target=\"_blank\">\n\t\t\t\t\t\t<span class=\"elementor-button-content-wrapper\">\n\t\t\t\t\t\t\t\t\t<span class=\"elementor-button-text\">BESUCHEN SIE DIE WEBSITE <\/span>\n\t\t\t\t\t<\/span>\n\t\t\t\t\t<\/a>\n\t\t\t\t<\/div>\n\t\t\t\t\t\t\t\t<\/div>\n\t\t\t\t<\/div>\n\t\t\t\t<\/div>\n\t\t<div class=\"elementor-element elementor-element-1cd2129 e-con-full e-flex e-con e-child\" data-id=\"1cd2129\" data-element_type=\"container\">\n\t\t\t\t<div class=\"elementor-element elementor-element-c715bfe elementor-widget elementor-widget-heading\" data-id=\"c715bfe\" data-element_type=\"widget\" data-widget_type=\"heading.default\">\n\t\t\t\t<div class=\"elementor-widget-container\">\n\t\t\t\t\t<h3 class=\"elementor-heading-title elementor-size-default\">Universit\u00e4t Namur<\/h3>\t\t\t\t<\/div>\n\t\t\t\t<\/div>\n\t\t\t\t<div class=\"elementor-element elementor-element-cab8db8 elementor-widget elementor-widget-text-editor\" data-id=\"cab8db8\" data-element_type=\"widget\" data-widget_type=\"text-editor.default\">\n\t\t\t\t<div class=\"elementor-widget-container\">\n\t\t\t\t\t\t\t\t\t<p><span data-contrast=\"auto\">Die Rechtsfakult\u00e4t der UNamur, genauer gesagt die Abteilung \u201eKinderrechte\u201c des Forschungszentrums \u201cVuln\u00e9rabilit\u00e9s et Soci\u00e9t\u00e9s\u201d (Vulnerabilit\u00e4ten und Gesellschaften), ist sehr an CAPACITI beteiligt. <\/span><span data-ccp-props=\"{&quot;134233117&quot;:false,&quot;134233118&quot;:false,&quot;201341983&quot;:0,&quot;335551550&quot;:6,&quot;335551620&quot;:6,&quot;335559738&quot;:0,&quot;335559739&quot;:160,&quot;335559740&quot;:257}\">\u00a0<\/span><\/p><p><span data-contrast=\"auto\">Dieser multidisziplin\u00e4re Ansatz, der die Rechtswissenschaften einbezieht, wird einen eindeutigen Mehrwert f\u00fcr die erfolgreiche Durchf\u00fchrung dieses Projekts darstellen. \n\nDiese Forschungseinheit konzentriert sich auf die rechtliche, philosophische und gesellschaftliche Bedeutung der Kinderrechte und auf die Schwierigkeiten, die in Belgien bei der Umsetzung dieser Rechte auftreten.<\/span><span data-ccp-props=\"{&quot;134233117&quot;:false,&quot;134233118&quot;:false,&quot;201341983&quot;:0,&quot;335551550&quot;:6,&quot;335551620&quot;:6,&quot;335559738&quot;:0,&quot;335559739&quot;:160,&quot;335559740&quot;:257}\">\u00a0<\/span><\/p><p><a href=\"https:\/\/www.youtube.com\/shorts\/Qhm2R_zMz50\" target=\"_blank\" rel=\"noopener\">Sehen Sie sich dieses Video an, um zu erfahren, wie die Universit\u00e9 de Namur zum CAPACITI-Projekt beitr\u00e4gt.<\/a><\/p>\t\t\t\t\t\t\t\t<\/div>\n\t\t\t\t<\/div>\n\t\t\t\t<div class=\"elementor-element elementor-element-f14dba9 elementor-button-info elementor-widget elementor-widget-button\" data-id=\"f14dba9\" data-element_type=\"widget\" data-widget_type=\"button.default\">\n\t\t\t\t<div class=\"elementor-widget-container\">\n\t\t\t\t\t\t\t\t\t<div class=\"elementor-button-wrapper\">\n\t\t\t\t\t<a class=\"elementor-button elementor-button-link elementor-size-sm\" href=\"https:\/\/www.unamur.be\/fr\/droit\/recherche\/vs\/droits-enfants\" target=\"_blank\">\n\t\t\t\t\t\t<span class=\"elementor-button-content-wrapper\">\n\t\t\t\t\t\t\t\t\t<span class=\"elementor-button-text\">BESUCHEN SIE DIE WEBSITE <\/span>\n\t\t\t\t\t<\/span>\n\t\t\t\t\t<\/a>\n\t\t\t\t<\/div>\n\t\t\t\t\t\t\t\t<\/div>\n\t\t\t\t<\/div>\n\t\t\t\t<\/div>\n\t\t<div class=\"elementor-element elementor-element-0ea7324 e-con-full e-flex e-con e-child\" data-id=\"0ea7324\" data-element_type=\"container\">\n\t\t\t\t<div class=\"elementor-element elementor-element-da64e91 elementor-widget elementor-widget-heading\" data-id=\"da64e91\" data-element_type=\"widget\" data-widget_type=\"heading.default\">\n\t\t\t\t<div class=\"elementor-widget-container\">\n\t\t\t\t\t<h3 class=\"elementor-heading-title elementor-size-default\">Universit\u00e4t L\u00fcttich<\/h3>\t\t\t\t<\/div>\n\t\t\t\t<\/div>\n\t\t\t\t<div class=\"elementor-element elementor-element-37391ce elementor-widget elementor-widget-text-editor\" data-id=\"37391ce\" data-element_type=\"widget\" data-widget_type=\"text-editor.default\">\n\t\t\t\t<div class=\"elementor-widget-container\">\n\t\t\t\t\t\t\t\t\t<div id=\"x_x_c_5257802_0_c_5257797_2\"><div><p><span data-olk-copy-source=\"MessageBody\">La plateforme interfacultaire \u201cESPRIst\u201d\u00a0s&rsquo;att\u00e8le \u00e0 la r\u00e9colte de donn\u00e9es (via des entretiens, observations, groupes de discussion, etc.), \u00e0 la formalisation de \u00ab\u00a0bonnes pratiques\u00a0\u00bb et \u00e0 la cr\u00e9ation d&rsquo;outils de diss\u00e9mination et de promotion de la prise en compte de la parole et de l&rsquo;action des enfants dans la promotion de leurs droits.<\/span><\/p><\/div><div><p>ESPRIst-ULi\u00e8ge a particip\u00e9 au programme Interreg EUR&amp;QUA pour les actions recherche et diffusion du projet (<a title=\"URL d'origine: https:\/\/protection-enfant-grande-region.eu\/projet-eurequa\/. Cliquez ou appuyez si vous faites confiance \u00e0 ce lien.\" href=\"https:\/\/eur01.safelinks.protection.outlook.com\/?url=https%3A%2F%2Fprotection-enfant-grande-region.eu%2Fprojet-eurequa%2F&amp;data=05%7C02%7Cxavier.dutrieue%40henallux.be%7C827e605c310f4cf7a91e08de62358522%7C71260448f1a94729b6304882e4dc58f5%7C1%7C0%7C639056179181465583%7CUnknown%7CTWFpbGZsb3d8eyJFbXB0eU1hcGkiOnRydWUsIlYiOiIwLjAuMDAwMCIsIlAiOiJXaW4zMiIsIkFOIjoiTWFpbCIsIldUIjoyfQ%3D%3D%7C0%7C%7C%7C&amp;sdata=S0%2Bppbh%2FtjK2ltgMhQvza7m2dr38i4b5l4GLprelwyQ%3D&amp;reserved=0\" target=\"_blank\" rel=\"noopener noreferrer\" data-auth=\"NotApplicable\" data-linkindex=\"0\">https:\/\/protection-enfant-grande-region.eu\/projet-eurequa\/<\/a>).<\/p><\/div><\/div><p><a href=\"https:\/\/www.youtube.com\/shorts\/GFwqlDkUYqM\" target=\"_blank\" rel=\"noopener\">Sehen Sie sich dieses Video an, um zu erfahren, wie die Universit\u00e9 de Li\u00e8ge zum CAPACITI-Projekt beitr\u00e4gt.<\/a><\/p>\t\t\t\t\t\t\t\t<\/div>\n\t\t\t\t<\/div>\n\t\t\t\t<div class=\"elementor-element elementor-element-e403cc0 elementor-button-info elementor-widget elementor-widget-button\" data-id=\"e403cc0\" data-element_type=\"widget\" data-widget_type=\"button.default\">\n\t\t\t\t<div class=\"elementor-widget-container\">\n\t\t\t\t\t\t\t\t\t<div class=\"elementor-button-wrapper\">\n\t\t\t\t\t<a class=\"elementor-button elementor-button-link elementor-size-sm\" href=\"https:\/\/www.uliege.be\/cms\/c_8699436\/fr\/uliege\" target=\"_blank\">\n\t\t\t\t\t\t<span class=\"elementor-button-content-wrapper\">\n\t\t\t\t\t\t\t\t\t<span class=\"elementor-button-text\">BESUCHEN SIE DIE WEBSITE <\/span>\n\t\t\t\t\t<\/span>\n\t\t\t\t\t<\/a>\n\t\t\t\t<\/div>\n\t\t\t\t\t\t\t\t<\/div>\n\t\t\t\t<\/div>\n\t\t\t\t<\/div>\n\t\t<div class=\"elementor-element elementor-element-d335296 e-con-full e-flex e-con e-child\" data-id=\"d335296\" data-element_type=\"container\">\n\t\t\t\t<div class=\"elementor-element elementor-element-a3738c5 elementor-widget elementor-widget-heading\" data-id=\"a3738c5\" data-element_type=\"widget\" data-widget_type=\"heading.default\">\n\t\t\t\t<div class=\"elementor-widget-container\">\n\t\t\t\t\t<h3 class=\"elementor-heading-title elementor-size-default\">Service Droit des Jeunes - Provinz Luxemburg<\/h3>\t\t\t\t<\/div>\n\t\t\t\t<\/div>\n\t\t\t\t<div class=\"elementor-element elementor-element-253be89 elementor-widget elementor-widget-text-editor\" data-id=\"253be89\" data-element_type=\"widget\" data-widget_type=\"text-editor.default\">\n\t\t\t\t<div class=\"elementor-widget-container\">\n\t\t\t\t\t\t\t\t\t<p>Der Service Droit des Jeunes (SDJ) der Provinz Luxemburg ist eine AMO (Actions en Milieu Ouvert - Aktion in der Offenen Kinder- und Jugendarbeit), die seit \u00fcber 50 Jahren aktiv ist. Diese Basisorganisation nutzt das Recht als Methode der Sozialen Arbeit und befasst sich mit allen Fragen, die Jugendliche betreffen: Schulrecht, Familienrecht, gef\u00e4hrdete Jugendliche oder Jugendliche, die mit dem Gesetz in Konflikt geraten, Sozialrecht, Ausl\u00e4nderrecht etc. Der SDJ bietet einen kostenlosen, freien und vertraulichen Service. Sein pr\u00e4ventiver Ansatz erm\u00f6glicht es, alle interessierten Personen \u00fcber die Rechte der Jugendlichen zu informieren (Jugendliche, Familien, Fachleute) und gleichzeitig eine pers\u00f6nliche Begleitung der jugendlichen Antragsteller*innen in ihrem Verfahren anzubieten.<\/p><p>Parallel dazu f\u00fchrt der SDJ verschiedene sozialpr\u00e4ventive Ma\u00dfnahmen durch: Projektmanagement, Teilnahme an Arbeitsgruppen, kollektive Aktionen mit Jugendlichen, Verfassen von Informationsbrosch\u00fcren,... Diese Initiativen tragen dazu bei, ihre Autonomie und ihre F\u00e4higkeit, ihre Rechte einzufordern, zu st\u00e4rken.<\/p><p><a href=\"https:\/\/www.youtube.com\/shorts\/vqAMhibLxA4\" target=\"_blank\" rel=\"noopener\">Sehen Sie sich dieses Video an, um zu erfahren, wie die der Service des droits (SDJ) de la Province du Luxembourg zum CAPACITI-Projekt beitr\u00e4gt.<\/a><\/p>\t\t\t\t\t\t\t\t<\/div>\n\t\t\t\t<\/div>\n\t\t\t\t<div class=\"elementor-element elementor-element-51ed02d elementor-button-info elementor-widget elementor-widget-button\" data-id=\"51ed02d\" data-element_type=\"widget\" data-widget_type=\"button.default\">\n\t\t\t\t<div class=\"elementor-widget-container\">\n\t\t\t\t\t\t\t\t\t<div class=\"elementor-button-wrapper\">\n\t\t\t\t\t<a class=\"elementor-button elementor-button-link elementor-size-sm\" href=\"https:\/\/www.sdj.be\/presentation\/arlon\/\" target=\"_blank\">\n\t\t\t\t\t\t<span class=\"elementor-button-content-wrapper\">\n\t\t\t\t\t\t\t\t\t<span class=\"elementor-button-text\">BESUCHEN SIE DIE WEBSITE <\/span>\n\t\t\t\t\t<\/span>\n\t\t\t\t\t<\/a>\n\t\t\t\t<\/div>\n\t\t\t\t\t\t\t\t<\/div>\n\t\t\t\t<\/div>\n\t\t\t\t<\/div>\n\t\t<div class=\"elementor-element elementor-element-bce362d e-con-full e-flex e-con e-child\" data-id=\"bce362d\" data-element_type=\"container\">\n\t\t\t\t<div class=\"elementor-element elementor-element-8ebbd94 elementor-widget elementor-widget-heading\" data-id=\"8ebbd94\" data-element_type=\"widget\" data-widget_type=\"heading.default\">\n\t\t\t\t<div class=\"elementor-widget-container\">\n\t\t\t\t\t<h3 class=\"elementor-heading-title elementor-size-default\">Institut r\u00e9gional du Travail Social de Lorraine (Regionalinstitut f\u00fcr Soziale Arbeit in Lothringen)<\/h3>\t\t\t\t<\/div>\n\t\t\t\t<\/div>\n\t\t\t\t<div class=\"elementor-element elementor-element-42b5e2e elementor-widget elementor-widget-text-editor\" data-id=\"42b5e2e\" data-element_type=\"widget\" data-widget_type=\"text-editor.default\">\n\t\t\t\t<div class=\"elementor-widget-container\">\n\t\t\t\t\t\t\t\t\t<p>Als operativer und finanzierender Partner auf der lothringischen Seite ist das IRTS damit beauftragt, Aufgaben im Bereich der multiprofessionellen Ausbildung von Sozialarbeiter*innen zu \u00fcbernehmen und zur Forschung und fachlichen Umsetzung in der Sozialen Arbeit beizutragen.<\/p><p>So hat das IRTS Lothringen seit mehreren Jahren zu verschiedenen europ\u00e4ischen Forschungsprogrammen beigetragen: PROXIMAM, SOPHIA LORRAINE, EUR&amp;QUA.<\/p><p><a href=\"https:\/\/www.youtube.com\/shorts\/XIPVkc8_56Q\" target=\"_blank\" rel=\"noopener\">Sehen Sie sich dieses Video an, um zu erfahren, wie das Institut r\u00e9gionale du Travail Social de Lorraine (IRTS) zum CAPACITI-Projekt beitr\u00e4gt.<\/a><\/p>\t\t\t\t\t\t\t\t<\/div>\n\t\t\t\t<\/div>\n\t\t\t\t<div class=\"elementor-element elementor-element-8a91ace elementor-button-info elementor-widget elementor-widget-button\" data-id=\"8a91ace\" data-element_type=\"widget\" data-widget_type=\"button.default\">\n\t\t\t\t<div class=\"elementor-widget-container\">\n\t\t\t\t\t\t\t\t\t<div class=\"elementor-button-wrapper\">\n\t\t\t\t\t<a class=\"elementor-button elementor-button-link elementor-size-sm\" href=\"https:\/\/www.irts-lorraine.fr\/\" target=\"_blank\">\n\t\t\t\t\t\t<span class=\"elementor-button-content-wrapper\">\n\t\t\t\t\t\t\t\t\t<span class=\"elementor-button-text\">BESUCHEN SIE DIE WEBSITE <\/span>\n\t\t\t\t\t<\/span>\n\t\t\t\t\t<\/a>\n\t\t\t\t<\/div>\n\t\t\t\t\t\t\t\t<\/div>\n\t\t\t\t<\/div>\n\t\t\t\t<\/div>\n\t\t<div class=\"elementor-element elementor-element-c570e9d e-con-full e-flex e-con e-child\" data-id=\"c570e9d\" data-element_type=\"container\">\n\t\t\t\t<div class=\"elementor-element elementor-element-3b906c9 elementor-widget elementor-widget-heading\" data-id=\"3b906c9\" data-element_type=\"widget\" data-widget_type=\"heading.default\">\n\t\t\t\t<div class=\"elementor-widget-container\">\n\t\t\t\t\t<h3 class=\"elementor-heading-title elementor-size-default\">Universit\u00e4t Lothringen<\/h3>\t\t\t\t<\/div>\n\t\t\t\t<\/div>\n\t\t\t\t<div class=\"elementor-element elementor-element-9f436a1 elementor-widget elementor-widget-text-editor\" data-id=\"9f436a1\" data-element_type=\"widget\" data-widget_type=\"text-editor.default\">\n\t\t\t\t<div class=\"elementor-widget-container\">\n\t\t\t\t\t\t\t\t\t<p class=\"translation-block\">Der Beitrag der Universit\u00e4t Lothringen wird sich auf die Sammlung und Ber\u00fccksichtigung der individuellen und kollektiven \u00c4u\u00dferungen von Familien und Kindern konzentrieren. Das Team der Universit\u00e9 de Lorraine wird sich auf die jungen Menschen und ihre Familien konzentrieren, die betroffenen Fachkr\u00e4fte (Kinderpfleger*innen, Erzieher*innen, Sozialarbeiter*innen, Psycholog*innen, Krankenpfleger*innen, Kinderpsychiater*innen).<\/p><p><a href=\"https:\/\/www.youtube.com\/shorts\/jatSf_Jc2dc\" target=\"_blank\" rel=\"noopener\">Sehen Sie sich dieses Video an, um zu erfahren, wie die Universit\u00e9 de Lorraine zum CAPACITI-Projekt beitr\u00e4gt.<\/a><\/p>\t\t\t\t\t\t\t\t<\/div>\n\t\t\t\t<\/div>\n\t\t\t\t<div class=\"elementor-element elementor-element-d678b74 elementor-button-info elementor-widget elementor-widget-button\" data-id=\"d678b74\" data-element_type=\"widget\" data-widget_type=\"button.default\">\n\t\t\t\t<div class=\"elementor-widget-container\">\n\t\t\t\t\t\t\t\t\t<div class=\"elementor-button-wrapper\">\n\t\t\t\t\t<a class=\"elementor-button elementor-button-link elementor-size-sm\" href=\"https:\/\/www.univ-lorraine.fr\/\" target=\"_blank\">\n\t\t\t\t\t\t<span class=\"elementor-button-content-wrapper\">\n\t\t\t\t\t\t\t\t\t<span class=\"elementor-button-text\">BESUCHEN SIE DIE WEBSITE <\/span>\n\t\t\t\t\t<\/span>\n\t\t\t\t\t<\/a>\n\t\t\t\t<\/div>\n\t\t\t\t\t\t\t\t<\/div>\n\t\t\t\t<\/div>\n\t\t\t\t<\/div>\n\t\t<div class=\"elementor-element elementor-element-f9d8bf4 e-con-full e-flex e-con e-child\" data-id=\"f9d8bf4\" data-element_type=\"container\">\n\t\t\t\t<div class=\"elementor-element elementor-element-a65b88f elementor-widget elementor-widget-heading\" data-id=\"a65b88f\" data-element_type=\"widget\" data-widget_type=\"heading.default\">\n\t\t\t\t<div class=\"elementor-widget-container\">\n\t\t\t\t\t<h3 class=\"elementor-heading-title elementor-size-default\">Universit\u00e4t des Saarlandes<\/h3>\t\t\t\t<\/div>\n\t\t\t\t<\/div>\n\t\t\t\t<div class=\"elementor-element elementor-element-0dc477f elementor-widget elementor-widget-text-editor\" data-id=\"0dc477f\" data-element_type=\"widget\" data-widget_type=\"text-editor.default\">\n\t\t\t\t<div class=\"elementor-widget-container\">\n\t\t\t\t\t\t\t\t\t<p>L&rsquo;Universit\u00e9 de la Sarre participe avec succ\u00e8s au programme Interreg depuis de nombreuses ann\u00e9es, \u00e0 la fois en tant que b\u00e9n\u00e9ficiaire chef de file et en tant que partenaire financier. Deux de ses structures interviennent dans ce projet\u00a0<\/p><p>\u00a0<\/p>\t\t\t\t\t\t\t\t<\/div>\n\t\t\t\t<\/div>\n\t\t\t\t<div class=\"elementor-element elementor-element-eadc38a elementor-button-info elementor-widget elementor-widget-button\" data-id=\"eadc38a\" data-element_type=\"widget\" data-widget_type=\"button.default\">\n\t\t\t\t<div class=\"elementor-widget-container\">\n\t\t\t\t\t\t\t\t\t<div class=\"elementor-button-wrapper\">\n\t\t\t\t\t<a class=\"elementor-button elementor-button-link elementor-size-sm\" href=\"https:\/\/www.uni-saarland.de\/start.html\" target=\"_blank\">\n\t\t\t\t\t\t<span class=\"elementor-button-content-wrapper\">\n\t\t\t\t\t\t\t\t\t<span class=\"elementor-button-text\">BESUCHEN SIE DIE WEBSITE <\/span>\n\t\t\t\t\t<\/span>\n\t\t\t\t\t<\/a>\n\t\t\t\t<\/div>\n\t\t\t\t\t\t\t\t<\/div>\n\t\t\t\t<\/div>\n\t\t\t\t<\/div>\n\t\t<div class=\"elementor-element elementor-element-040ee29 e-con-full e-flex e-con e-child\" data-id=\"040ee29\" data-element_type=\"container\">\n\t\t\t\t<div class=\"elementor-element elementor-element-d270c70 elementor-widget elementor-widget-heading\" data-id=\"d270c70\" data-element_type=\"widget\" data-widget_type=\"heading.default\">\n\t\t\t\t<div class=\"elementor-widget-container\">\n\t\t\t\t\t<h4 class=\"elementor-heading-title elementor-size-default\">CHU Kinderklinik<\/h4>\t\t\t\t<\/div>\n\t\t\t\t<\/div>\n\t\t\t\t<div class=\"elementor-element elementor-element-ab2306f elementor-widget elementor-widget-text-editor\" data-id=\"ab2306f\" data-element_type=\"widget\" data-widget_type=\"text-editor.default\">\n\t\t\t\t<div class=\"elementor-widget-container\">\n\t\t\t\t\t\t\t\t\t<p>Die Klinik f\u00fcr Kinder- und Jugendpsychiatrie, Psychosomatik und Psychotherapie richtet sich an alle Kinder, Jugendlichen und ihre Familien, die Hilfe ben\u00f6tigen.<\/p><p>Ziel ist es, eine genaue und umfassende Diagnose, Beratung und Behandlung anzubieten, um die St\u00f6rung des Kindes oder Jugendlichen zu heilen und seine Behinderungen zu verringern. Dazu werden als Universit\u00e4tsklinik die neuesten nationalen und internationalen Standards sowie Empfehlungen, die auf erfahrenen Methoden beruhen, angewendet.<\/p><p>\u00a0<\/p><p><a href=\"https:\/\/www.youtube.com\/shorts\/hvAJtyidTxc\" target=\"_blank\" rel=\"noopener\">Sehen Sie sich dieses Video an, um zu erfahren, wie die CHU zum CAPACITI-Projekt beitr\u00e4gt.<\/a><\/p>\t\t\t\t\t\t\t\t<\/div>\n\t\t\t\t<\/div>\n\t\t\t\t<div class=\"elementor-element elementor-element-58a143a elementor-button-info elementor-widget elementor-widget-button\" data-id=\"58a143a\" data-element_type=\"widget\" data-widget_type=\"button.default\">\n\t\t\t\t<div class=\"elementor-widget-container\">\n\t\t\t\t\t\t\t\t\t<div class=\"elementor-button-wrapper\">\n\t\t\t\t\t<a class=\"elementor-button elementor-button-link elementor-size-sm\" href=\"https:\/\/www.uks.eu\/\" target=\"_blank\">\n\t\t\t\t\t\t<span class=\"elementor-button-content-wrapper\">\n\t\t\t\t\t\t\t\t\t<span class=\"elementor-button-text\">BESUCHEN SIE DIE WEBSITE <\/span>\n\t\t\t\t\t<\/span>\n\t\t\t\t\t<\/a>\n\t\t\t\t<\/div>\n\t\t\t\t\t\t\t\t<\/div>\n\t\t\t\t<\/div>\n\t\t\t\t<\/div>\n\t\t<div class=\"elementor-element elementor-element-c20da72 e-con-full e-flex e-con e-child\" data-id=\"c20da72\" data-element_type=\"container\">\n\t\t\t\t<div class=\"elementor-element elementor-element-a0c4f3c elementor-widget elementor-widget-heading\" data-id=\"a0c4f3c\" data-element_type=\"widget\" data-widget_type=\"heading.default\">\n\t\t\t\t<div class=\"elementor-widget-container\">\n\t\t\t\t\t<h4 class=\"elementor-heading-title elementor-size-default\">Das Deutsch-Franz\u00f6sische Rechtszentrum<\/h4>\t\t\t\t<\/div>\n\t\t\t\t<\/div>\n\t\t\t\t<div class=\"elementor-element elementor-element-4b448c5 elementor-widget elementor-widget-text-editor\" data-id=\"4b448c5\" data-element_type=\"widget\" data-widget_type=\"text-editor.default\">\n\t\t\t\t<div class=\"elementor-widget-container\">\n\t\t\t\t\t\t\t\t\t<p>Das Centre Juridique Franco-Allemand (CFJA) bildet eine Schnittstelle zwischen der deutschen und der franz\u00f6sischen Rechtswelt. Als Ausbildungs- und Forschungszentrum liegt es seinen Mitgliedern am Herzen, das Recht des Partnerlandes zug\u00e4nglich zu machen. Gest\u00fctzt auf zwei Lehrst\u00fchle, die dem franz\u00f6sischen Privatrecht und dem \u00f6ffentlichen Recht gewidmet sind, beteiligt sich das CJFA seit mehreren Jahren an \u00fcbergreifenden Projekten, die sich mit der Gro\u00dfregion befassen.<\/p><p><a href=\"https:\/\/www.youtube.com\/shorts\/pVircSeBJp0\" target=\"_blank\" rel=\"noopener\">Sehen Sie sich dieses Video an, um zu erfahren, wie die CJFA zum CAPACITI-Projekt beitr\u00e4gt.<\/a><\/p>\t\t\t\t\t\t\t\t<\/div>\n\t\t\t\t<\/div>\n\t\t\t\t<div class=\"elementor-element elementor-element-8568740 elementor-button-info elementor-widget elementor-widget-button\" data-id=\"8568740\" data-element_type=\"widget\" data-widget_type=\"button.default\">\n\t\t\t\t<div class=\"elementor-widget-container\">\n\t\t\t\t\t\t\t\t\t<div class=\"elementor-button-wrapper\">\n\t\t\t\t\t<a class=\"elementor-button elementor-button-link elementor-size-sm\" href=\"https:\/\/www.cjfa.eu\/accueil\/\" target=\"_blank\">\n\t\t\t\t\t\t<span class=\"elementor-button-content-wrapper\">\n\t\t\t\t\t\t\t\t\t<span class=\"elementor-button-text\">BESUCHEN SIE DIE WEBSITE <\/span>\n\t\t\t\t\t<\/span>\n\t\t\t\t\t<\/a>\n\t\t\t\t<\/div>\n\t\t\t\t\t\t\t\t<\/div>\n\t\t\t\t<\/div>\n\t\t\t\t<\/div>\n\t\t<div class=\"elementor-element elementor-element-df71c96 e-con-full e-flex e-con e-child\" data-id=\"df71c96\" data-element_type=\"container\">\n\t\t\t\t<div class=\"elementor-element elementor-element-711d62c elementor-widget elementor-widget-heading\" data-id=\"711d62c\" data-element_type=\"widget\" data-widget_type=\"heading.default\">\n\t\t\t\t<div class=\"elementor-widget-container\">\n\t\t\t\t\t<h3 class=\"elementor-heading-title elementor-size-default\">Hochschule f\u00fcr Technik und Wirtschaft des Saarlandes (htw saar)<\/h3>\t\t\t\t<\/div>\n\t\t\t\t<\/div>\n\t\t\t\t<div class=\"elementor-element elementor-element-44607f5 elementor-widget elementor-widget-text-editor\" data-id=\"44607f5\" data-element_type=\"widget\" data-widget_type=\"text-editor.default\">\n\t\t\t\t<div class=\"elementor-widget-container\">\n\t\t\t\t\t\t\t\t\t<p>An dem Projekt CAPACITI beteiligt ist die sozialwissenschaftliche Fakult\u00e4t der htw saar. N\u00e4here Infos zum htw-Projektteam finden sich unter<\/p><p>Die htw saar besch\u00e4ftigt sich in dem Projekt vor allem mit den Perspektiven auf und der Umsetzung von Partizipation und Kinderrechten in Organisationen des Bildungsssystems (v.a. in Schulen), aber auch der Kinder- und Jugendarbeit im Bundesland Saarland im Vergleich zu den anderen Regionen der Gro\u00dfregion.<\/p><p>Dabei geht es um die Sichtweisen von Fachkr\u00e4ften, aber auch um die von Kindern, wobei m\u00f6glichst Kinder auch am Forschungsprozess beteiligt werden sollen.<\/p><p>Die htw saar hat eine starke Forschungsexpertise im Bereich der kooperativen Forschungsprojekte mit Praxispartner*innen. Auch die Entwicklung von Handb\u00fcchern f\u00fcr die Praxis sowie von Weiterbildungs- und Trainingsformaten geh\u00f6rt zu ihren Kernbereichen.<\/p><p><a href=\"https:\/\/www.youtube.com\/shorts\/7XE5itLK6qg\" target=\"_blank\" rel=\"noopener\">Sehen Sie sich dieses Video an, um zu erfahren, wie die htw saar zum CAPACITI-Projekt beitr\u00e4gt.<\/a><\/p>\t\t\t\t\t\t\t\t<\/div>\n\t\t\t\t<\/div>\n\t\t\t\t<div class=\"elementor-element elementor-element-723e060 elementor-button-info elementor-widget elementor-widget-button\" data-id=\"723e060\" data-element_type=\"widget\" data-widget_type=\"button.default\">\n\t\t\t\t<div class=\"elementor-widget-container\">\n\t\t\t\t\t\t\t\t\t<div class=\"elementor-button-wrapper\">\n\t\t\t\t\t<a class=\"elementor-button elementor-button-link elementor-size-sm\" href=\"http:\/\/www.htwsaar.de\/capaciti\" target=\"_blank\">\n\t\t\t\t\t\t<span class=\"elementor-button-content-wrapper\">\n\t\t\t\t\t\t\t\t\t<span class=\"elementor-button-text\">BESUCHEN SIE DIE WEBSITE <\/span>\n\t\t\t\t\t<\/span>\n\t\t\t\t\t<\/a>\n\t\t\t\t<\/div>\n\t\t\t\t\t\t\t\t<\/div>\n\t\t\t\t<\/div>\n\t\t\t\t<\/div>\n\t\t\t\t\t<\/div>\n\t\t\t\t<\/div>\n\t\t<div class=\"elementor-element elementor-element-2847d00 e-flex e-con-boxed e-con e-parent\" data-id=\"2847d00\" data-element_type=\"container\">\n\t\t\t\t\t<div class=\"e-con-inner\">\n\t\t\t\t<div class=\"elementor-element elementor-element-7a58470 elementor-widget elementor-widget-heading\" data-id=\"7a58470\" data-element_type=\"widget\" data-widget_type=\"heading.default\">\n\t\t\t\t<div class=\"elementor-widget-container\">\n\t\t\t\t\t<h2 class=\"elementor-heading-title elementor-size-default\">Methodische Partner*innen<\/h2>\t\t\t\t<\/div>\n\t\t\t\t<\/div>\n\t\t<div class=\"elementor-element elementor-element-a5bb290 e-con-full e-flex e-con e-child\" data-id=\"a5bb290\" data-element_type=\"container\">\n\t\t\t\t<div class=\"elementor-element elementor-element-4858b55 elementor-widget elementor-widget-heading\" data-id=\"4858b55\" data-element_type=\"widget\" data-widget_type=\"heading.default\">\n\t\t\t\t<div class=\"elementor-widget-container\">\n\t\t\t\t\t<h3 class=\"elementor-heading-title elementor-size-default\">Generalbeauftragter f\u00fcr die Rechte des Kindes Belgiens<\/h3>\t\t\t\t<\/div>\n\t\t\t\t<\/div>\n\t\t\t\t<div class=\"elementor-element elementor-element-29c8c38 elementor-widget elementor-widget-text-editor\" data-id=\"29c8c38\" data-element_type=\"widget\" data-widget_type=\"text-editor.default\">\n\t\t\t\t<div class=\"elementor-widget-container\">\n\t\t\t\t\t\t\t\t\t<p>Im Rahmen dieses Projekts wird er seine Arbeit zugunsten der Schaffung eines Raums f\u00fcr die grenz\u00fcberschreitende Zusammenarbeit von Kinderrechtsverteidigern in der Gro\u00dfregion fortsetzen.<\/p>\t\t\t\t\t\t\t\t<\/div>\n\t\t\t\t<\/div>\n\t\t\t\t<div class=\"elementor-element elementor-element-11a072d elementor-button-info elementor-widget elementor-widget-button\" data-id=\"11a072d\" data-element_type=\"widget\" data-widget_type=\"button.default\">\n\t\t\t\t<div class=\"elementor-widget-container\">\n\t\t\t\t\t\t\t\t\t<div class=\"elementor-button-wrapper\">\n\t\t\t\t\t<a class=\"elementor-button elementor-button-link elementor-size-sm\" href=\"http:\/\/www.dgde.cfwb.be\/\" target=\"_blank\">\n\t\t\t\t\t\t<span class=\"elementor-button-content-wrapper\">\n\t\t\t\t\t\t\t\t\t<span class=\"elementor-button-text\">BESUCHEN SIE DIE WEBSITE <\/span>\n\t\t\t\t\t<\/span>\n\t\t\t\t\t<\/a>\n\t\t\t\t<\/div>\n\t\t\t\t\t\t\t\t<\/div>\n\t\t\t\t<\/div>\n\t\t\t\t<\/div>\n\t\t<div class=\"elementor-element elementor-element-a0c63c6 e-con-full e-flex e-con e-child\" data-id=\"a0c63c6\" data-element_type=\"container\">\n\t\t\t\t<div class=\"elementor-element elementor-element-2cea14c elementor-widget elementor-widget-heading\" data-id=\"2cea14c\" data-element_type=\"widget\" data-widget_type=\"heading.default\">\n\t\t\t\t<div class=\"elementor-widget-container\">\n\t\t\t\t\t<h3 class=\"elementor-heading-title elementor-size-default\">Nationale Konvention der Kinderschutzverb\u00e4nde (Convention Nationale des Associations de Protection de l'Enfant) - Frankreich<\/h3>\t\t\t\t<\/div>\n\t\t\t\t<\/div>\n\t\t\t\t<div class=\"elementor-element elementor-element-9aa6b97 elementor-widget elementor-widget-text-editor\" data-id=\"9aa6b97\" data-element_type=\"widget\" data-widget_type=\"text-editor.default\">\n\t\t\t\t<div class=\"elementor-widget-container\">\n\t\t\t\t\t\t\t\t\t<p>Die 1948 gegr\u00fcndete CNAPE ist ein franz\u00f6sischer Dachverband auf nationaler Ebene von Vereinen und Einrichtungen, die Kinder, Jugendliche und junge Erwachsene in Schwierigkeiten betreuen und aufnehmen. Ihre T\u00e4tigkeit erfolgt unter Einhaltung der UN-Kinderrechtskonvention und im Rahmen der \u00f6ffentlichen Kinder- und Jugendpolitik.<\/p>\t\t\t\t\t\t\t\t<\/div>\n\t\t\t\t<\/div>\n\t\t\t\t<div class=\"elementor-element elementor-element-d35745d elementor-button-info elementor-widget elementor-widget-button\" data-id=\"d35745d\" data-element_type=\"widget\" data-widget_type=\"button.default\">\n\t\t\t\t<div class=\"elementor-widget-container\">\n\t\t\t\t\t\t\t\t\t<div class=\"elementor-button-wrapper\">\n\t\t\t\t\t<a class=\"elementor-button elementor-button-link elementor-size-sm\" href=\"https:\/\/www.cnape.fr\/\" target=\"_blank\">\n\t\t\t\t\t\t<span class=\"elementor-button-content-wrapper\">\n\t\t\t\t\t\t\t\t\t<span class=\"elementor-button-text\">BESUCHEN SIE DIE WEBSITE <\/span>\n\t\t\t\t\t<\/span>\n\t\t\t\t\t<\/a>\n\t\t\t\t<\/div>\n\t\t\t\t\t\t\t\t<\/div>\n\t\t\t\t<\/div>\n\t\t\t\t<\/div>\n\t\t<div class=\"elementor-element elementor-element-c9fffa7 e-con-full e-flex e-con e-child\" data-id=\"c9fffa7\" data-element_type=\"container\">\n\t\t\t\t<div class=\"elementor-element elementor-element-8bdacbe elementor-widget elementor-widget-heading\" data-id=\"8bdacbe\" data-element_type=\"widget\" data-widget_type=\"heading.default\">\n\t\t\t\t<div class=\"elementor-widget-container\">\n\t\t\t\t\t<h3 class=\"elementor-heading-title elementor-size-default\">Deutscher Kinderschutzbund Landesverband Saarland<\/h3>\t\t\t\t<\/div>\n\t\t\t\t<\/div>\n\t\t\t\t<div class=\"elementor-element elementor-element-7cdcd0f elementor-widget elementor-widget-text-editor\" data-id=\"7cdcd0f\" data-element_type=\"widget\" data-widget_type=\"text-editor.default\">\n\t\t\t\t<div class=\"elementor-widget-container\">\n\t\t\t\t\t\t\t\t\t<p><span class=\"TextRun SCXW192588797 BCX0\" lang=\"FR-BE\" xml:lang=\"FR-BE\" data-contrast=\"auto\"><span class=\"NormalTextRun SCXW192588797 BCX0\">Der Kinderschutzbund spielt in Deutschland eine zentrale Rolle bei der Verbreitung und Umsetzung der Kinderrechte und der Kinderschutzstandards. Er ist eng mit Akteur*innen aus den Bereichen Kinder- und Jugendhilfe, Medizin und Bildung im gesamten Saarland und in Deutschland vernetzt.<\/span><\/span><span class=\"EOP SCXW192588797 BCX0\" data-ccp-props=\"{&quot;201341983&quot;:0,&quot;335559739&quot;:0,&quot;335559740&quot;:240}\">\u00a0<\/span><\/p>\t\t\t\t\t\t\t\t<\/div>\n\t\t\t\t<\/div>\n\t\t\t\t<div class=\"elementor-element elementor-element-f50a2be elementor-button-info elementor-widget elementor-widget-button\" data-id=\"f50a2be\" data-element_type=\"widget\" data-widget_type=\"button.default\">\n\t\t\t\t<div class=\"elementor-widget-container\">\n\t\t\t\t\t\t\t\t\t<div class=\"elementor-button-wrapper\">\n\t\t\t\t\t<a class=\"elementor-button elementor-button-link elementor-size-sm\" href=\"https:\/\/www.kinderschutzbund-saarland.de\/\" target=\"_blank\">\n\t\t\t\t\t\t<span class=\"elementor-button-content-wrapper\">\n\t\t\t\t\t\t\t\t\t<span class=\"elementor-button-text\">BESUCHEN SIE DIE WEBSITE <\/span>\n\t\t\t\t\t<\/span>\n\t\t\t\t\t<\/a>\n\t\t\t\t<\/div>\n\t\t\t\t\t\t\t\t<\/div>\n\t\t\t\t<\/div>\n\t\t\t\t<\/div>\n\t\t<div class=\"elementor-element elementor-element-f254b0e e-con-full e-flex e-con e-child\" data-id=\"f254b0e\" data-element_type=\"container\">\n\t\t\t\t<div class=\"elementor-element elementor-element-ca11669 elementor-widget elementor-widget-heading\" data-id=\"ca11669\" data-element_type=\"widget\" data-widget_type=\"heading.default\">\n\t\t\t\t<div class=\"elementor-widget-container\">\n\t\t\t\t\t<h3 class=\"elementor-heading-title elementor-size-default\">Nestwaerme<\/h3>\t\t\t\t<\/div>\n\t\t\t\t<\/div>\n\t\t\t\t<div class=\"elementor-element elementor-element-5992c9f elementor-widget elementor-widget-text-editor\" data-id=\"5992c9f\" data-element_type=\"widget\" data-widget_type=\"text-editor.default\">\n\t\t\t\t<div class=\"elementor-widget-container\">\n\t\t\t\t\t\t\t\t\t<p>Nestw\u00e4rme unterst\u00fctzt und begleitet Familien mit schwerkranken oder behinderten Kindern. In diesem srojekt wird die Rolle von Nestwaerme darin bestehen, Forscher*innen bei ihren Gespr\u00e4chen mit den Kindern zu unterst\u00fctzen und zu begleiten.<\/p>\t\t\t\t\t\t\t\t<\/div>\n\t\t\t\t<\/div>\n\t\t\t\t<div class=\"elementor-element elementor-element-bb4a401 elementor-button-info elementor-widget elementor-widget-button\" data-id=\"bb4a401\" data-element_type=\"widget\" data-widget_type=\"button.default\">\n\t\t\t\t<div class=\"elementor-widget-container\">\n\t\t\t\t\t\t\t\t\t<div class=\"elementor-button-wrapper\">\n\t\t\t\t\t<a class=\"elementor-button elementor-button-link elementor-size-sm\" href=\"https:\/\/www.nestwaerme.org\/\" target=\"_blank\">\n\t\t\t\t\t\t<span class=\"elementor-button-content-wrapper\">\n\t\t\t\t\t\t\t\t\t<span class=\"elementor-button-text\">BESUCHEN SIE DIE WEBSITE <\/span>\n\t\t\t\t\t<\/span>\n\t\t\t\t\t<\/a>\n\t\t\t\t<\/div>\n\t\t\t\t\t\t\t\t<\/div>\n\t\t\t\t<\/div>\n\t\t\t\t<\/div>\n\t\t<div class=\"elementor-element elementor-element-d304236 e-con-full e-flex e-con e-child\" data-id=\"d304236\" data-element_type=\"container\">\n\t\t\t\t<div class=\"elementor-element elementor-element-b79dd46 elementor-widget elementor-widget-heading\" data-id=\"b79dd46\" data-element_type=\"widget\" data-widget_type=\"heading.default\">\n\t\t\t\t<div class=\"elementor-widget-container\">\n\t\t\t\t\t<h3 class=\"elementor-heading-title elementor-size-default\">Refugee Law Clinic Saarbr\u00fccken<\/h3>\t\t\t\t<\/div>\n\t\t\t\t<\/div>\n\t\t\t\t<div class=\"elementor-element elementor-element-bd27737 elementor-widget elementor-widget-text-editor\" data-id=\"bd27737\" data-element_type=\"widget\" data-widget_type=\"text-editor.default\">\n\t\t\t\t<div class=\"elementor-widget-container\">\n\t\t\t\t\t\t\t\t\t<p class=\"translation-block\">Die Refugee Law Clinic in Saarbr\u00fccken wurde 2015 mit dem grundlegenden Ziel gegr\u00fcndet, eine zuverl\u00e4ssige und kompetente Rechtsberatung f\u00fcr Ausl\u00e4nder*innen, Fl\u00fcchtlinge und Asylsuchende zur Verf\u00fcgung zu stellen. Seitdem begleiten sie Asylsuchende und Personen ohne deutsche Staatsangeh\u00f6rigkeit bei Beh\u00f6rdeng\u00e4ngen, bieten Rechts- und Berufsberatung an und kooperieren mit gemeinn\u00fctzigen und rechtsberatenden Organisationen, Institutionen und Vereinen.<\/p>\t\t\t\t\t\t\t\t<\/div>\n\t\t\t\t<\/div>\n\t\t\t\t<div class=\"elementor-element elementor-element-4ef3421 elementor-button-info elementor-widget elementor-widget-button\" data-id=\"4ef3421\" data-element_type=\"widget\" data-widget_type=\"button.default\">\n\t\t\t\t<div class=\"elementor-widget-container\">\n\t\t\t\t\t\t\t\t\t<div class=\"elementor-button-wrapper\">\n\t\t\t\t\t<a class=\"elementor-button elementor-button-link elementor-size-sm\" href=\"https:\/\/rlc-saar.de\/\" target=\"_blank\">\n\t\t\t\t\t\t<span class=\"elementor-button-content-wrapper\">\n\t\t\t\t\t\t\t\t\t<span class=\"elementor-button-text\">BESUCHEN SIE DIE WEBSITE <\/span>\n\t\t\t\t\t<\/span>\n\t\t\t\t\t<\/a>\n\t\t\t\t<\/div>\n\t\t\t\t\t\t\t\t<\/div>\n\t\t\t\t<\/div>\n\t\t\t\t<\/div>\n\t\t<div class=\"elementor-element elementor-element-c8967b5 e-con-full e-flex e-con e-child\" data-id=\"c8967b5\" data-element_type=\"container\">\n\t\t\t\t<div class=\"elementor-element elementor-element-b582f98 elementor-widget elementor-widget-heading\" data-id=\"b582f98\" data-element_type=\"widget\" data-widget_type=\"heading.default\">\n\t\t\t\t<div class=\"elementor-widget-container\">\n\t\t\t\t\t<h3 class=\"elementor-heading-title elementor-size-default\">Ministerium f\u00fcr Arbeit, Soziales, Frauen und Gesundheit<\/h3>\t\t\t\t<\/div>\n\t\t\t\t<\/div>\n\t\t\t\t<div class=\"elementor-element elementor-element-96a3656 elementor-widget elementor-widget-text-editor\" data-id=\"96a3656\" data-element_type=\"widget\" data-widget_type=\"text-editor.default\">\n\t\t\t\t<div class=\"elementor-widget-container\">\n\t\t\t\t\t\t\t\t\t<p class=\"translation-block\">Das Ministerium f\u00fcr Arbeit, Soziales, Frauen und Gesundheit des Saarlandes unterst\u00fctzt das Projekt mit seinem Fachwissen im Bereich des Kinderschutzes.<\/p>\t\t\t\t\t\t\t\t<\/div>\n\t\t\t\t<\/div>\n\t\t\t\t<div class=\"elementor-element elementor-element-2bdd1f4 elementor-button-info elementor-widget elementor-widget-button\" data-id=\"2bdd1f4\" data-element_type=\"widget\" data-widget_type=\"button.default\">\n\t\t\t\t<div class=\"elementor-widget-container\">\n\t\t\t\t\t\t\t\t\t<div class=\"elementor-button-wrapper\">\n\t\t\t\t\t<a class=\"elementor-button elementor-button-link elementor-size-sm\" href=\"https:\/\/www.saarland.de\/masfg\/DE\/home\" target=\"_blank\">\n\t\t\t\t\t\t<span class=\"elementor-button-content-wrapper\">\n\t\t\t\t\t\t\t\t\t<span class=\"elementor-button-text\">BESUCHEN SIE DIE WEBSITE <\/span>\n\t\t\t\t\t<\/span>\n\t\t\t\t\t<\/a>\n\t\t\t\t<\/div>\n\t\t\t\t\t\t\t\t<\/div>\n\t\t\t\t<\/div>\n\t\t<div class=\"elementor-element elementor-element-5138dc2 e-con-full e-flex e-con e-child\" data-id=\"5138dc2\" data-element_type=\"container\">\n\t\t\t\t<div class=\"elementor-element elementor-element-fffbabf elementor-widget elementor-widget-heading\" data-id=\"fffbabf\" data-element_type=\"widget\" data-widget_type=\"heading.default\">\n\t\t\t\t<div class=\"elementor-widget-container\">\n\t\t\t\t\t<h3 class=\"elementor-heading-title elementor-size-default\">Kompetenzzentrum Kinderschutz im Saarland<\/h3>\t\t\t\t<\/div>\n\t\t\t\t<\/div>\n\t\t\t\t<div class=\"elementor-element elementor-element-b6997d0 elementor-widget elementor-widget-text-editor\" data-id=\"b6997d0\" data-element_type=\"widget\" data-widget_type=\"text-editor.default\">\n\t\t\t\t<div class=\"elementor-widget-container\">\n\t\t\t\t\t\t\t\t\t<p class=\"translation-block\">Das Kompetenzzentrum Kinderschutz im Saarland ist ans Ministerium f\u00fcr Arbeit, Soziales, Frauen und Gesundheit des Saarlandes angegliedert.<\/p><p><span data-contrast=\"none\">Zum Kompetenzzentrum geh\u00f6ren der Kinderschutzbeauftragte des Saarlandes und die Ombudsstelle Kinder- und Jugendhilfe.<\/span><span data-ccp-props=\"{&quot;335559685&quot;:708}\">\u00a0<\/span><\/p>\t\t\t\t\t\t\t\t<\/div>\n\t\t\t\t<\/div>\n\t\t\t\t<div class=\"elementor-element elementor-element-29262ed elementor-button-info elementor-widget elementor-widget-button\" data-id=\"29262ed\" data-element_type=\"widget\" data-widget_type=\"button.default\">\n\t\t\t\t<div class=\"elementor-widget-container\">\n\t\t\t\t\t\t\t\t\t<div class=\"elementor-button-wrapper\">\n\t\t\t\t\t<a class=\"elementor-button elementor-button-link elementor-size-sm\" href=\"https:\/\/kinderschutz-im-saarland.de\/\" target=\"_blank\">\n\t\t\t\t\t\t<span class=\"elementor-button-content-wrapper\">\n\t\t\t\t\t\t\t\t\t<span class=\"elementor-button-text\">BESUCHEN SIE DIE WEBSITE <\/span>\n\t\t\t\t\t<\/span>\n\t\t\t\t\t<\/a>\n\t\t\t\t<\/div>\n\t\t\t\t\t\t\t\t<\/div>\n\t\t\t\t<\/div>\n\t\t\t\t<\/div>\n\t\t\t\t<\/div>\n\t\t<div class=\"elementor-element elementor-element-7615cf0 e-con-full e-flex e-con e-child\" data-id=\"7615cf0\" data-element_type=\"container\">\n\t\t\t\t<div class=\"elementor-element elementor-element-079274a elementor-widget elementor-widget-heading\" data-id=\"079274a\" data-element_type=\"widget\" data-widget_type=\"heading.default\">\n\t\t\t\t<div class=\"elementor-widget-container\">\n\t\t\t\t\t<h3 class=\"elementor-heading-title elementor-size-default\">Johannes Gutenberg-Universit\u00e4t Mainz Institut f\u00fcr Erziehungswissenschaft<\/h3>\t\t\t\t<\/div>\n\t\t\t\t<\/div>\n\t\t\t\t<div class=\"elementor-element elementor-element-18367fd elementor-widget elementor-widget-text-editor\" data-id=\"18367fd\" data-element_type=\"widget\" data-widget_type=\"text-editor.default\">\n\t\t\t\t<div class=\"elementor-widget-container\">\n\t\t\t\t\t\t\t\t\t<p>Durch dieses Projekt wird sich dieser Partner an der Datenerhebung (Bedarfsanalyse), der Verbreitung der Ergebnisse, der Konkretisierung und der praktischen Umsetzung des Kompetenzzentrums beteiligen.<\/p>\t\t\t\t\t\t\t\t<\/div>\n\t\t\t\t<\/div>\n\t\t\t\t<div class=\"elementor-element elementor-element-eb29b89 elementor-button-info elementor-widget elementor-widget-button\" data-id=\"eb29b89\" data-element_type=\"widget\" data-widget_type=\"button.default\">\n\t\t\t\t<div class=\"elementor-widget-container\">\n\t\t\t\t\t\t\t\t\t<div class=\"elementor-button-wrapper\">\n\t\t\t\t\t<a class=\"elementor-button elementor-button-link elementor-size-sm\" href=\"https:\/\/www.uni-mainz.de\/\" target=\"_blank\">\n\t\t\t\t\t\t<span class=\"elementor-button-content-wrapper\">\n\t\t\t\t\t\t\t\t\t<span class=\"elementor-button-text\">BESUCHEN SIE DIE WEBSITE <\/span>\n\t\t\t\t\t<\/span>\n\t\t\t\t\t<\/a>\n\t\t\t\t<\/div>\n\t\t\t\t\t\t\t\t<\/div>\n\t\t\t\t<\/div>\n\t\t\t\t<\/div>\n\t\t<div class=\"elementor-element elementor-element-5ed1166 e-con-full e-flex e-con e-child\" data-id=\"5ed1166\" data-element_type=\"container\">\n\t\t\t\t<div class=\"elementor-element elementor-element-21944d5 elementor-widget elementor-widget-heading\" data-id=\"21944d5\" data-element_type=\"widget\" data-widget_type=\"heading.default\">\n\t\t\t\t<div class=\"elementor-widget-container\">\n\t\t\t\t\t<h3 class=\"elementor-heading-title elementor-size-default\">Service de l'aide \u00e0 la jeunesse d'Arlon (Jugendhilfsdienst Arlon)<\/h3>\t\t\t\t<\/div>\n\t\t\t\t<\/div>\n\t\t\t\t<div class=\"elementor-element elementor-element-7d5113e elementor-widget elementor-widget-text-editor\" data-id=\"7d5113e\" data-element_type=\"widget\" data-widget_type=\"text-editor.default\">\n\t\t\t\t<div class=\"elementor-widget-container\">\n\t\t\t\t\t\t\t\t\t<p>W\u00e4hrend dieses Projekts wird das JSD Arlon die \u00dcberlegungen zur Betreuung von Kindern und Jugendlichen in einer grenz\u00fcberschreitenden Situation dynamisieren und einen \u201egemeinsamen\u201c Ansatz f\u00fcr die angetroffenen Problematiken entwickeln.<\/p>\t\t\t\t\t\t\t\t<\/div>\n\t\t\t\t<\/div>\n\t\t\t\t<div class=\"elementor-element elementor-element-a8f3e30 elementor-button-info elementor-widget elementor-widget-button\" data-id=\"a8f3e30\" data-element_type=\"widget\" data-widget_type=\"button.default\">\n\t\t\t\t<div class=\"elementor-widget-container\">\n\t\t\t\t\t\t\t\t\t<div class=\"elementor-button-wrapper\">\n\t\t\t\t\t<a class=\"elementor-button elementor-button-link elementor-size-sm\" href=\"https:\/\/www.aidealajeunesse.cfwb.be\/index.php?id=359\" target=\"_blank\">\n\t\t\t\t\t\t<span class=\"elementor-button-content-wrapper\">\n\t\t\t\t\t\t\t\t\t<span class=\"elementor-button-text\">BESUCHEN SIE DIE WEBSITE <\/span>\n\t\t\t\t\t<\/span>\n\t\t\t\t\t<\/a>\n\t\t\t\t<\/div>\n\t\t\t\t\t\t\t\t<\/div>\n\t\t\t\t<\/div>\n\t\t\t\t<\/div>\n\t\t<div class=\"elementor-element elementor-element-7c3ca87 e-con-full e-flex e-con e-child\" data-id=\"7c3ca87\" data-element_type=\"container\">\n\t\t\t\t<div class=\"elementor-element elementor-element-4540bdf elementor-widget elementor-widget-heading\" data-id=\"4540bdf\" data-element_type=\"widget\" data-widget_type=\"heading.default\">\n\t\t\t\t<div class=\"elementor-widget-container\">\n\t\t\t\t\t<h3 class=\"elementor-heading-title elementor-size-default\">Ombudsmann fir Kanner a Jugendlecher Luxemburgs<\/h3>\t\t\t\t<\/div>\n\t\t\t\t<\/div>\n\t\t\t\t<div class=\"elementor-element elementor-element-914679c elementor-widget elementor-widget-text-editor\" data-id=\"914679c\" data-element_type=\"widget\" data-widget_type=\"text-editor.default\">\n\t\t\t\t<div class=\"elementor-widget-container\">\n\t\t\t\t\t\t\t\t\t<p class=\"translation-block\">Der Ombudsman fir Kanner a Jugendlecher ist ein wichtiger Akteur im Bereich der Kinderrechte in Luxemburg. In der Vergangenheit war er bereits an \u00e4hnlichen Projekten zum Austausch und zur St\u00e4rkung der beruflichen Beziehungen in der Gro\u00dfregion beteiligt.<\/p>\t\t\t\t\t\t\t\t<\/div>\n\t\t\t\t<\/div>\n\t\t\t\t<div class=\"elementor-element elementor-element-4e056de elementor-button-info elementor-widget elementor-widget-button\" data-id=\"4e056de\" data-element_type=\"widget\" data-widget_type=\"button.default\">\n\t\t\t\t<div class=\"elementor-widget-container\">\n\t\t\t\t\t\t\t\t\t<div class=\"elementor-button-wrapper\">\n\t\t\t\t\t<a class=\"elementor-button elementor-button-link elementor-size-sm\" href=\"https:\/\/www.okaju.lu\/\" target=\"_blank\">\n\t\t\t\t\t\t<span class=\"elementor-button-content-wrapper\">\n\t\t\t\t\t\t\t\t\t<span class=\"elementor-button-text\">BESUCHEN SIE DIE WEBSITE <\/span>\n\t\t\t\t\t<\/span>\n\t\t\t\t\t<\/a>\n\t\t\t\t<\/div>\n\t\t\t\t\t\t\t\t<\/div>\n\t\t\t\t<\/div>\n\t\t\t\t<\/div>\n\t\t<div class=\"elementor-element elementor-element-fd595bf e-con-full e-flex e-con e-child\" data-id=\"fd595bf\" data-element_type=\"container\">\n\t\t\t\t<div class=\"elementor-element elementor-element-d7d451a elementor-widget elementor-widget-heading\" data-id=\"d7d451a\" data-element_type=\"widget\" data-widget_type=\"heading.default\">\n\t\t\t\t<div class=\"elementor-widget-container\">\n\t\t\t\t\t<h3 class=\"elementor-heading-title elementor-size-default\">Observatorium f\u00fcr Kinder, Jugend und Jugendhilfe (Observatoire de l'Enfance, de la Jeunesse et de l'Aide \u00e0 la Jeunesse)<\/h3>\t\t\t\t<\/div>\n\t\t\t\t<\/div>\n\t\t\t\t<div class=\"elementor-element elementor-element-e173107 elementor-widget elementor-widget-text-editor\" data-id=\"e173107\" data-element_type=\"widget\" data-widget_type=\"text-editor.default\">\n\t\t\t\t<div class=\"elementor-widget-container\">\n\t\t\t\t\t\t\t\t\t<p class=\"translation-block\">Die Beobachtungsstelle f\u00fcr Kinder, Jugend und Jugendhilfe hat unter anderem die Aufgabe, die Empfehlungen des Internationalen Komitees f\u00fcr die Rechte des Kindes innerhalb der F\u00e9d\u00e9ration Wallonie-Bruxelles zu verfolgen und die St\u00e4ndige Gruppe zur \u00dcberwachung der UN-Kinderrechtskonvention (UN-KRK) zu steuern, zu deren Aufgaben es geh\u00f6rt, die Ber\u00fccksichtigung der Stimme der Kinder zu gew\u00e4hrleisten. Seit ihrer Gr\u00fcndung hat die Beobachtungsstelle zahlreiche Forschungsarbeiten durchgef\u00fchrt und in Auftrag gegeben, die sich auf die Konsultation und\/oder Beteiligung von Kindern in verschiedenen Altersstufen st\u00fctzen, und eine Reihe von Leitf\u00e4den in Verbindung mit diesen Forschungsarbeiten ver\u00f6ffentlicht.<\/p>\t\t\t\t\t\t\t\t<\/div>\n\t\t\t\t<\/div>\n\t\t\t\t<div class=\"elementor-element elementor-element-f6d17df elementor-button-info elementor-widget elementor-widget-button\" data-id=\"f6d17df\" data-element_type=\"widget\" data-widget_type=\"button.default\">\n\t\t\t\t<div class=\"elementor-widget-container\">\n\t\t\t\t\t\t\t\t\t<div class=\"elementor-button-wrapper\">\n\t\t\t\t\t<a class=\"elementor-button elementor-button-link elementor-size-sm\" href=\"https:\/\/oejaj.cfwb.be\/\" target=\"_blank\">\n\t\t\t\t\t\t<span class=\"elementor-button-content-wrapper\">\n\t\t\t\t\t\t\t\t\t<span class=\"elementor-button-text\">BESUCHEN SIE DIE WEBSITE <\/span>\n\t\t\t\t\t<\/span>\n\t\t\t\t\t<\/a>\n\t\t\t\t<\/div>\n\t\t\t\t\t\t\t\t<\/div>\n\t\t\t\t<\/div>\n\t\t\t\t<\/div>\n\t\t<div class=\"elementor-element elementor-element-bf3dd55 e-con-full e-flex e-con e-child\" data-id=\"bf3dd55\" data-element_type=\"container\">\n\t\t\t\t<div class=\"elementor-element elementor-element-2c45d96 elementor-widget elementor-widget-heading\" data-id=\"2c45d96\" data-element_type=\"widget\" data-widget_type=\"heading.default\">\n\t\t\t\t<div class=\"elementor-widget-container\">\n\t\t\t\t\t<h3 class=\"elementor-heading-title elementor-size-default\">Rat des D\u00e9partements Meurthe-et-Moselle<\/h3>\t\t\t\t<\/div>\n\t\t\t\t<\/div>\n\t\t\t\t<div class=\"elementor-element elementor-element-ba594b0 elementor-widget elementor-widget-text-editor\" data-id=\"ba594b0\" data-element_type=\"widget\" data-widget_type=\"text-editor.default\">\n\t\t\t\t<div class=\"elementor-widget-container\">\n\t\t\t\t\t\t\t\t\t<p>Im Rahmen des CAPACITI-Projekts wird sich der Rat auf verschiedene Akteur*innen st\u00fctzen: \u00c4rzt*innen des PMI, Krankenpfleger*innen, Kinderkrankenpfleger*innen, die wesentliche Bezugspersonen der Vernetzung vor Ort mit den Familien und Kindern sind.<\/p>\t\t\t\t\t\t\t\t<\/div>\n\t\t\t\t<\/div>\n\t\t\t\t<div class=\"elementor-element elementor-element-badeb94 elementor-button-info elementor-widget elementor-widget-button\" data-id=\"badeb94\" data-element_type=\"widget\" data-widget_type=\"button.default\">\n\t\t\t\t<div class=\"elementor-widget-container\">\n\t\t\t\t\t\t\t\t\t<div class=\"elementor-button-wrapper\">\n\t\t\t\t\t<a class=\"elementor-button elementor-button-link elementor-size-sm\" href=\"https:\/\/www.meurthe-et-moselle.fr\/\" target=\"_blank\">\n\t\t\t\t\t\t<span class=\"elementor-button-content-wrapper\">\n\t\t\t\t\t\t\t\t\t<span class=\"elementor-button-text\">BESUCHEN SIE DIE WEBSITE <\/span>\n\t\t\t\t\t<\/span>\n\t\t\t\t\t<\/a>\n\t\t\t\t<\/div>\n\t\t\t\t\t\t\t\t<\/div>\n\t\t\t\t<\/div>\n\t\t\t\t<\/div>\n\t\t<div class=\"elementor-element elementor-element-611d9b8 e-con-full e-flex e-con e-child\" data-id=\"611d9b8\" data-element_type=\"container\">\n\t\t\t\t<div class=\"elementor-element elementor-element-4ee0241 elementor-widget elementor-widget-heading\" data-id=\"4ee0241\" data-element_type=\"widget\" data-widget_type=\"heading.default\">\n\t\t\t\t<div class=\"elementor-widget-container\">\n\t\t\t\t\t<h3 class=\"elementor-heading-title elementor-size-default\">Rat des D\u00e9partements Moselle<\/h3>\t\t\t\t<\/div>\n\t\t\t\t<\/div>\n\t\t\t\t<div class=\"elementor-element elementor-element-4d1493b elementor-widget elementor-widget-text-editor\" data-id=\"4d1493b\" data-element_type=\"widget\" data-widget_type=\"text-editor.default\">\n\t\t\t\t<div class=\"elementor-widget-container\">\n\t\t\t\t\t\t\t\t\t<p><span class=\"TextRun SCXW63561147 BCX0\" lang=\"FR-BE\" xml:lang=\"FR-BE\" data-contrast=\"auto\"><span class=\"NormalTextRun SCXW63561147 BCX0\">Der Conseil D\u00e9partemental de la Moselle ist in mehrfacher Hinsicht voll am Projekt CAPACITI beteiligt: Er bietet den Jugendlichen und ihren Familien die M\u00f6glichkeit, sich in den Mutter-Kind-Schutzeinrichtungen (Protections Maternelle Infantile - PMI) oder in der Kinder- und Jugendhilfe (Aide Sociale \u00e0 l'Enfance - ASE) zu treffen.<\/span><\/span><span class=\"EOP SCXW63561147 BCX0\" data-ccp-props=\"{&quot;201341983&quot;:0,&quot;335559739&quot;:0,&quot;335559740&quot;:240}\">\u00a0<\/span><\/p>\t\t\t\t\t\t\t\t<\/div>\n\t\t\t\t<\/div>\n\t\t\t\t<div class=\"elementor-element elementor-element-e7dc01b elementor-button-info elementor-widget elementor-widget-button\" data-id=\"e7dc01b\" data-element_type=\"widget\" data-widget_type=\"button.default\">\n\t\t\t\t<div class=\"elementor-widget-container\">\n\t\t\t\t\t\t\t\t\t<div class=\"elementor-button-wrapper\">\n\t\t\t\t\t<a class=\"elementor-button elementor-button-link elementor-size-sm\" href=\"https:\/\/www.moselle.fr\/jcms\/dlmnd_5083\/fr\/toute-l-info?portal=j_206\" target=\"_blank\">\n\t\t\t\t\t\t<span class=\"elementor-button-content-wrapper\">\n\t\t\t\t\t\t\t\t\t<span class=\"elementor-button-text\">BESUCHEN SIE DIE WEBSITE <\/span>\n\t\t\t\t\t<\/span>\n\t\t\t\t\t<\/a>\n\t\t\t\t<\/div>\n\t\t\t\t\t\t\t\t<\/div>\n\t\t\t\t<\/div>\n\t\t\t\t<\/div>\n\t\t<div class=\"elementor-element elementor-element-94decd1 e-con-full e-flex e-con e-child\" data-id=\"94decd1\" data-element_type=\"container\">\n\t\t\t\t<div class=\"elementor-element elementor-element-b65230b elementor-widget elementor-widget-heading\" data-id=\"b65230b\" data-element_type=\"widget\" data-widget_type=\"heading.default\">\n\t\t\t\t<div class=\"elementor-widget-container\">\n\t\t\t\t\t<h3 class=\"elementor-heading-title elementor-size-default\">Ecole des Parents et des Educateurs de la Moselle Maison des Droits de l\u2019Enfant et des Jeunes<\/h3>\t\t\t\t<\/div>\n\t\t\t\t<\/div>\n\t\t\t\t<div class=\"elementor-element elementor-element-a909e19 elementor-widget elementor-widget-text-editor\" data-id=\"a909e19\" data-element_type=\"widget\" data-widget_type=\"text-editor.default\">\n\t\t\t\t<div class=\"elementor-widget-container\">\n\t\t\t\t\t\t\t\t\t<p><span class=\"TextRun SCXW236697697 BCX0\" lang=\"FR-BE\" xml:lang=\"FR-BE\" data-contrast=\"auto\"><span class=\"NormalTextRun SCXW236697697 BCX0\">Ihr Ziel ist es, einen gemeinsamen Raum im Bereich des Kinderschutzes zu Fragen der Berufspraxis, der Forschungsaktivit\u00e4ten (Schutz von Minderj\u00e4hrigen, innerfamili\u00e4re Gewalt, sexuelle Gewalt usw.) und der Ausbildungsschwerpunkte zu entwickeln.<\/span><\/span><span class=\"EOP SCXW236697697 BCX0\" data-ccp-props=\"{&quot;201341983&quot;:0,&quot;335559739&quot;:0,&quot;335559740&quot;:240}\">\u00a0<\/span><\/p>\t\t\t\t\t\t\t\t<\/div>\n\t\t\t\t<\/div>\n\t\t\t\t<div class=\"elementor-element elementor-element-659bd78 elementor-button-info elementor-widget elementor-widget-button\" data-id=\"659bd78\" data-element_type=\"widget\" data-widget_type=\"button.default\">\n\t\t\t\t<div class=\"elementor-widget-container\">\n\t\t\t\t\t\t\t\t\t<div class=\"elementor-button-wrapper\">\n\t\t\t\t\t<a class=\"elementor-button elementor-button-link elementor-size-sm\" href=\"https:\/\/epe-lorraine.fr\/\" target=\"_blank\">\n\t\t\t\t\t\t<span class=\"elementor-button-content-wrapper\">\n\t\t\t\t\t\t\t\t\t<span class=\"elementor-button-text\">BESUCHEN SIE DIE WEBSITE <\/span>\n\t\t\t\t\t<\/span>\n\t\t\t\t\t<\/a>\n\t\t\t\t<\/div>\n\t\t\t\t\t\t\t\t<\/div>\n\t\t\t\t<\/div>\n\t\t\t\t<\/div>\n\t\t<div class=\"elementor-element elementor-element-1eac8c3 e-con-full e-flex e-con e-child\" data-id=\"1eac8c3\" data-element_type=\"container\">\n\t\t\t\t<div class=\"elementor-element elementor-element-064eb23 elementor-widget elementor-widget-heading\" data-id=\"064eb23\" data-element_type=\"widget\" data-widget_type=\"heading.default\">\n\t\t\t\t<div class=\"elementor-widget-container\">\n\t\t\t\t\t<h3 class=\"elementor-heading-title elementor-size-default\">Rat des D\u00e9partements Vosges<\/h3>\t\t\t\t<\/div>\n\t\t\t\t<\/div>\n\t\t\t\t<div class=\"elementor-element elementor-element-bdd16f9 elementor-widget elementor-widget-text-editor\" data-id=\"bdd16f9\" data-element_type=\"widget\" data-widget_type=\"text-editor.default\">\n\t\t\t\t<div class=\"elementor-widget-container\">\n\t\t\t\t\t\t\t\t\t<p><span class=\"TextRun SCXW41881175 BCX0\" lang=\"FR-BE\" xml:lang=\"FR-BE\" data-contrast=\"auto\"><span class=\"NormalTextRun SCXW41881175 BCX0\">Das D\u00e9partement Vosges engagiert sich f\u00fcr die Thematik der F\u00f6rderung der Rechte des Kindes. Seine Teilnahme am Projekt CAPACITI wird dank der europ\u00e4ischen Dimension des Projekts eine Bereicherung der Praktiken erm\u00f6glichen und gleichzeitig seine eigenen Praktiken in den Vordergrund stellen.<\/span><\/span><span class=\"EOP SCXW41881175 BCX0\" data-ccp-props=\"{&quot;201341983&quot;:0,&quot;335559739&quot;:0,&quot;335559740&quot;:240}\">\u00a0<\/span><\/p>\t\t\t\t\t\t\t\t<\/div>\n\t\t\t\t<\/div>\n\t\t\t\t<div class=\"elementor-element elementor-element-950b8b9 elementor-button-info elementor-widget elementor-widget-button\" data-id=\"950b8b9\" data-element_type=\"widget\" data-widget_type=\"button.default\">\n\t\t\t\t<div class=\"elementor-widget-container\">\n\t\t\t\t\t\t\t\t\t<div class=\"elementor-button-wrapper\">\n\t\t\t\t\t<a class=\"elementor-button elementor-button-link elementor-size-sm\" href=\"https:\/\/www.vosges.fr\/\" target=\"_blank\">\n\t\t\t\t\t\t<span class=\"elementor-button-content-wrapper\">\n\t\t\t\t\t\t\t\t\t<span class=\"elementor-button-text\">BESUCHEN SIE DIE WEBSITE <\/span>\n\t\t\t\t\t<\/span>\n\t\t\t\t\t<\/a>\n\t\t\t\t<\/div>\n\t\t\t\t\t\t\t\t<\/div>\n\t\t\t\t<\/div>\n\t\t\t\t<\/div>\n\t\t<div class=\"elementor-element elementor-element-b5c7074 e-con-full e-flex e-con e-child\" data-id=\"b5c7074\" data-element_type=\"container\">\n\t\t\t\t<div class=\"elementor-element elementor-element-a305c86 elementor-widget elementor-widget-heading\" data-id=\"a305c86\" data-element_type=\"widget\" data-widget_type=\"heading.default\">\n\t\t\t\t<div class=\"elementor-widget-container\">\n\t\t\t\t\t<h3 class=\"elementor-heading-title elementor-size-default\">Landesjugendring Saar<\/h3>\t\t\t\t<\/div>\n\t\t\t\t<\/div>\n\t\t\t\t<div class=\"elementor-element elementor-element-d44e908 elementor-widget elementor-widget-text-editor\" data-id=\"d44e908\" data-element_type=\"widget\" data-widget_type=\"text-editor.default\">\n\t\t\t\t<div class=\"elementor-widget-container\">\n\t\t\t\t\t\t\t\t\t<p><span data-contrast=\"auto\">Der Landesjugendring Saar (LJR Saar) wird als Dachverband der Kinder- und Jugendverb\u00e4nde im Saarland seine langj\u00e4hrige Expertise zu den Themen Partizipation und Kinderrechte in das Projekt einbringen und so zur Vernetzung verschiedener Akteur*innen in der Gro\u00dfregion beitragen.<\/span><span data-ccp-props=\"{&quot;201341983&quot;:0,&quot;335559739&quot;:0,&quot;335559740&quot;:240}\">\u00a0<\/span><\/p>\t\t\t\t\t\t\t\t<\/div>\n\t\t\t\t<\/div>\n\t\t\t\t<div class=\"elementor-element elementor-element-409b9c6 elementor-button-info elementor-widget elementor-widget-button\" data-id=\"409b9c6\" data-element_type=\"widget\" data-widget_type=\"button.default\">\n\t\t\t\t<div class=\"elementor-widget-container\">\n\t\t\t\t\t\t\t\t\t<div class=\"elementor-button-wrapper\">\n\t\t\t\t\t<a class=\"elementor-button elementor-button-link elementor-size-sm\" href=\"https:\/\/www.landesjugendring-saar.de\/\" target=\"_blank\">\n\t\t\t\t\t\t<span class=\"elementor-button-content-wrapper\">\n\t\t\t\t\t\t\t\t\t<span class=\"elementor-button-text\">BESUCHEN SIE DIE WEBSITE <\/span>\n\t\t\t\t\t<\/span>\n\t\t\t\t\t<\/a>\n\t\t\t\t<\/div>\n\t\t\t\t\t\t\t\t<\/div>\n\t\t\t\t<\/div>\n\t\t\t\t<\/div>\n\t\t<div class=\"elementor-element elementor-element-576b8be e-con-full e-flex e-con e-child\" data-id=\"576b8be\" data-element_type=\"container\">\n\t\t\t\t<div class=\"elementor-element elementor-element-5a32ab7 elementor-widget elementor-widget-heading\" data-id=\"5a32ab7\" data-element_type=\"widget\" data-widget_type=\"heading.default\">\n\t\t\t\t<div class=\"elementor-widget-container\">\n\t\t\t\t\t<h3 class=\"elementor-heading-title elementor-size-default\">Nationale Beobachtungsstelle f\u00fcr Kindheit, Jugend und Schulqualit\u00e4t (Observatoire national de l'enfance, de la jeunesse et de la qualit\u00e9 scolaire, OEJQS)<\/h3>\t\t\t\t<\/div>\n\t\t\t\t<\/div>\n\t\t\t\t<div class=\"elementor-element elementor-element-abceaf4 elementor-widget elementor-widget-text-editor\" data-id=\"abceaf4\" data-element_type=\"widget\" data-widget_type=\"text-editor.default\">\n\t\t\t\t<div class=\"elementor-widget-container\">\n\t\t\t\t\t\t\t\t\t<p>Die Nationale Beobachtungsstelle f\u00fcr Kindheit, Jugend und Schulqualit\u00e4t (Observatoire national de l'enfance, de la jeunesse et de la qualit\u00e9 scolaire, OEJQS) setzt sich f\u00fcr die Vermittlung der Grundrechte von Kindern und Jugendlichen ein und hat es sich zur Aufgabe gemacht, die Situation von Kindern und Jugendlichen in Luxemburg zu analysieren und zu bewerten.<\/p><p>En cela, l\u2019OEJQS est amen\u00e9 \u00e0 pr\u00e9parer ou coordonner des \u00e9tudes sur les multiples aspects qui concernent tant la situation des jeunes que la qualit\u00e9 scolaire.<\/p>\t\t\t\t\t\t\t\t<\/div>\n\t\t\t\t<\/div>\n\t\t\t\t<div class=\"elementor-element elementor-element-b58f3e8 elementor-button-info elementor-widget elementor-widget-button\" data-id=\"b58f3e8\" data-element_type=\"widget\" data-widget_type=\"button.default\">\n\t\t\t\t<div class=\"elementor-widget-container\">\n\t\t\t\t\t\t\t\t\t<div class=\"elementor-button-wrapper\">\n\t\t\t\t\t<a class=\"elementor-button elementor-button-link elementor-size-sm\" href=\"https:\/\/www.oejqs.lu\/fr\/\" target=\"_blank\">\n\t\t\t\t\t\t<span class=\"elementor-button-content-wrapper\">\n\t\t\t\t\t\t\t\t\t<span class=\"elementor-button-text\">BESUCHEN SIE DIE WEBSITE <\/span>\n\t\t\t\t\t<\/span>\n\t\t\t\t\t<\/a>\n\t\t\t\t<\/div>\n\t\t\t\t\t\t\t\t<\/div>\n\t\t\t\t<\/div>\n\t\t\t\t<\/div>\n\t\t<div class=\"elementor-element elementor-element-2413b87 e-con-full e-flex e-con e-child\" data-id=\"2413b87\" data-element_type=\"container\">\n\t\t\t\t<div class=\"elementor-element elementor-element-2fb2b9e elementor-widget elementor-widget-heading\" data-id=\"2fb2b9e\" data-element_type=\"widget\" data-widget_type=\"heading.default\">\n\t\t\t\t<div class=\"elementor-widget-container\">\n\t\t\t\t\t<h3 class=\"elementor-heading-title elementor-size-default\">Der Dienst f\u00fcr die Rechte des Kindes (Service des droits de l'enfant, SDE)<\/h3>\t\t\t\t<\/div>\n\t\t\t\t<\/div>\n\t\t\t\t<div class=\"elementor-element elementor-element-ee4f35c elementor-widget elementor-widget-text-editor\" data-id=\"ee4f35c\" data-element_type=\"widget\" data-widget_type=\"text-editor.default\">\n\t\t\t\t<div class=\"elementor-widget-container\">\n\t\t\t\t\t\t\t\t\t<p>Der Kinderrechtsdienst (SDE), der dem luxemburgischen Ministerium f\u00fcr Erziehung, Kinder und Jugend untersteht, ist auf der Grundlage von vier Grundprinzipien der Kinderrechtskonvention t\u00e4tig: die Nicht-Diskriminierung, das Wohl des Kindes, das Recht auf \u00dcberleben und Entwicklung und schlie\u00dflich das Recht auf Beteiligung.<\/p><p>Daher entwickelt der SDE Leitf\u00e4den, Sensibilisierungsma\u00dfnahmen und Bezugsdokumente, um das Recht aller Kinder, angeh\u00f6rt, geh\u00f6rt und ernst genommen zu werden, zu vermitteln.<\/p>\t\t\t\t\t\t\t\t<\/div>\n\t\t\t\t<\/div>\n\t\t\t\t<div class=\"elementor-element elementor-element-687f7b5 elementor-button-info elementor-widget elementor-widget-button\" data-id=\"687f7b5\" data-element_type=\"widget\" data-widget_type=\"button.default\">\n\t\t\t\t<div class=\"elementor-widget-container\">\n\t\t\t\t\t\t\t\t\t<div class=\"elementor-button-wrapper\">\n\t\t\t\t\t<a class=\"elementor-button elementor-button-link elementor-size-sm\" href=\"https:\/\/menej.gouvernement.lu\/fr\/annuaire.html?id=838\" target=\"_blank\">\n\t\t\t\t\t\t<span class=\"elementor-button-content-wrapper\">\n\t\t\t\t\t\t\t\t\t<span class=\"elementor-button-text\">BESUCHEN SIE DIE WEBSITE <\/span>\n\t\t\t\t\t<\/span>\n\t\t\t\t\t<\/a>\n\t\t\t\t<\/div>\n\t\t\t\t\t\t\t\t<\/div>\n\t\t\t\t<\/div>\n\t\t\t\t<\/div>\n\t\t<div class=\"elementor-element elementor-element-4975c43 e-con-full e-flex e-con e-child\" data-id=\"4975c43\" data-element_type=\"container\">\n\t\t\t\t<div class=\"elementor-element elementor-element-7d9f36d elementor-widget elementor-widget-heading\" data-id=\"7d9f36d\" data-element_type=\"widget\" data-widget_type=\"heading.default\">\n\t\t\t\t<div class=\"elementor-widget-container\">\n\t\t\t\t\t<h3 class=\"elementor-heading-title elementor-size-default\">SOS-Kinderdorf Saarbr\u00fccken<\/h3>\t\t\t\t<\/div>\n\t\t\t\t<\/div>\n\t\t\t\t<div class=\"elementor-element elementor-element-a976833 elementor-widget elementor-widget-text-editor\" data-id=\"a976833\" data-element_type=\"widget\" data-widget_type=\"text-editor.default\">\n\t\t\t\t<div class=\"elementor-widget-container\">\n\t\t\t\t\t\t\t\t\t<p><span data-teams=\"true\">Der SOS-Kinderdorf e.V. ist ein freier Tr\u00e4ger der Kinder- und Jugendhilfe sowie der Jugendberufshilfe, der neben Beratungsangeboten auch aufsuchende Sozialarbeit, offene Angebote und vielf\u00e4ltige Hilfen zur Erziehung, zur Qualifizierung und zur Ausbildung anbietet.\u00a0<\/span><\/p>\t\t\t\t\t\t\t\t<\/div>\n\t\t\t\t<\/div>\n\t\t\t\t<div class=\"elementor-element elementor-element-e7fa6c6 elementor-button-info elementor-widget elementor-widget-button\" data-id=\"e7fa6c6\" data-element_type=\"widget\" data-widget_type=\"button.default\">\n\t\t\t\t<div class=\"elementor-widget-container\">\n\t\t\t\t\t\t\t\t\t<div class=\"elementor-button-wrapper\">\n\t\t\t\t\t<a class=\"elementor-button elementor-button-link elementor-size-sm\" href=\"https:\/\/www.sos-kinderdorf.de\/kinderdorf-saarbruecken%20\" target=\"_blank\">\n\t\t\t\t\t\t<span class=\"elementor-button-content-wrapper\">\n\t\t\t\t\t\t\t\t\t<span class=\"elementor-button-text\">BESUCHEN SIE DIE WEBSITE <\/span>\n\t\t\t\t\t<\/span>\n\t\t\t\t\t<\/a>\n\t\t\t\t<\/div>\n\t\t\t\t\t\t\t\t<\/div>\n\t\t\t\t<\/div>\n\t\t\t\t<\/div>\n\t\t<div class=\"elementor-element elementor-element-447499b e-con-full e-flex e-con e-child\" data-id=\"447499b\" data-element_type=\"container\">\n\t\t\t\t<div class=\"elementor-element elementor-element-b588aa4 elementor-widget elementor-widget-heading\" data-id=\"b588aa4\" data-element_type=\"widget\" data-widget_type=\"heading.default\">\n\t\t\t\t<div class=\"elementor-widget-container\">\n\t\t\t\t\t<h3 class=\"elementor-heading-title elementor-size-default\">INVEO Care<\/h3>\t\t\t\t<\/div>\n\t\t\t\t<\/div>\n\t\t\t\t<div class=\"elementor-element elementor-element-6f3de33 elementor-widget elementor-widget-text-editor\" data-id=\"6f3de33\" data-element_type=\"widget\" data-widget_type=\"text-editor.default\">\n\t\t\t\t<div class=\"elementor-widget-container\">\n\t\t\t\t\t\t\t\t\t<p>Die INVEO Care gGmbH, gegr\u00fcndet 2022, entwickelt innovative Versorgungsangebote f\u00fcr Menschen mit psychischen Erkrankungen im Saarland und der Grenzregion. Schwerpunkte sind die Eingliederungshilfe f\u00fcr Menschen mit seelischen Teilhabeeinschr\u00e4nkungen, Fr\u00fche Hilfen f\u00fcr Schwangere und Eltern in Krisen sowie Soziotherapie zur Stabilisierung und Begleitung. Ziel ist die F\u00f6rderung von Teilhabe, Genesung und Kinderschutz durch ein multiprofessionelles Team im h\u00e4uslichen Umfeld.<\/p>\t\t\t\t\t\t\t\t<\/div>\n\t\t\t\t<\/div>\n\t\t\t\t<div class=\"elementor-element elementor-element-c84ce22 elementor-button-info elementor-widget elementor-widget-button\" data-id=\"c84ce22\" data-element_type=\"widget\" data-widget_type=\"button.default\">\n\t\t\t\t<div class=\"elementor-widget-container\">\n\t\t\t\t\t\t\t\t\t<div class=\"elementor-button-wrapper\">\n\t\t\t\t\t<a class=\"elementor-button elementor-button-link elementor-size-sm\" href=\"https:\/\/inveo-care.de\/\" target=\"_blank\">\n\t\t\t\t\t\t<span class=\"elementor-button-content-wrapper\">\n\t\t\t\t\t\t\t\t\t<span class=\"elementor-button-text\">BESUCHEN SIE DIE WEBSITE <\/span>\n\t\t\t\t\t<\/span>\n\t\t\t\t\t<\/a>\n\t\t\t\t<\/div>\n\t\t\t\t\t\t\t\t<\/div>\n\t\t\t\t<\/div>\n\t\t\t\t<\/div>\n\t\t\t\t\t<\/div>\n\t\t\t\t<\/div>\n\t\t<div class=\"elementor-element elementor-element-ac3380b e-con-full e-flex e-con e-parent\" data-id=\"ac3380b\" data-element_type=\"container\">\n\t\t\t\t<div class=\"elementor-element elementor-element-5607676 elementor-widget elementor-widget-heading\" data-id=\"5607676\" data-element_type=\"widget\" id=\"interreg\" data-widget_type=\"heading.default\">\n\t\t\t\t<div class=\"elementor-widget-container\">\n\t\t\t\t\t<h2 class=\"elementor-heading-title elementor-size-default\">Interreg Grande R\u00e9gion <\/h2>\t\t\t\t<\/div>\n\t\t\t\t<\/div>\n\t\t\t\t<div class=\"elementor-element elementor-element-8ff4849 elementor-widget elementor-widget-text-editor\" data-id=\"8ff4849\" data-element_type=\"widget\" data-widget_type=\"text-editor.default\">\n\t\t\t\t<div class=\"elementor-widget-container\">\n\t\t\t\t\t\t\t\t\t<p><span data-contrast=\"none\">Seit mehr als 30 Jahren unterst\u00fctzt das Programm Interreg Gro\u00dfregion die grenz\u00fcberschreitende Zusammenarbeit zwischen lokalen und regionalen Partnern in der Gro\u00dfregion.\u00a0<\/span><span data-ccp-props=\"{&quot;201341983&quot;:0,&quot;335559739&quot;:0,&quot;335559740&quot;:240}\">\u00a0<\/span><\/p><p><span data-contrast=\"none\">Das Programm wird von der Europ\u00e4ischen Union kofinanziert und von 11 Partnerbeh\u00f6rden in den Grenzregionen von Deutschland, Belgien, Frankreich und Luxemburg umgesetzt.\u00a0<\/span><span data-ccp-props=\"{&quot;201341983&quot;:0,&quot;335559739&quot;:0,&quot;335559740&quot;:240}\">\u00a0<\/span><span data-ccp-props=\"{&quot;201341983&quot;:0,&quot;335559739&quot;:0,&quot;335559740&quot;:240}\">\u00a0<\/span><\/p><p><span data-contrast=\"none\">F\u00fcr den Zeitraum 2021-2027 ist das Programm mit fast 182 Mio.\u00a0<\/span><span data-ccp-props=\"{&quot;201341983&quot;:0,&quot;335559739&quot;:0,&quot;335559740&quot;:240}\">\u00a0<\/span><\/p>\t\t\t\t\t\t\t\t<\/div>\n\t\t\t\t<\/div>\n\t\t\t\t<\/div>\n\t\t<div class=\"elementor-element elementor-element-a82b30a e-con-full e-flex e-con e-parent\" data-id=\"a82b30a\" data-element_type=\"container\">\n\t\t<div class=\"elementor-element elementor-element-2145074 e-con-full e-flex e-con e-child\" data-id=\"2145074\" data-element_type=\"container\">\n\t\t\t\t<div class=\"elementor-element elementor-element-39b1962 elementor-widget elementor-widget-heading\" data-id=\"39b1962\" data-element_type=\"widget\" data-widget_type=\"heading.default\">\n\t\t\t\t<div class=\"elementor-widget-container\">\n\t\t\t\t\t<h3 class=\"elementor-heading-title elementor-size-default\">Kofinanzierung<\/h3>\t\t\t\t<\/div>\n\t\t\t\t<\/div>\n\t\t\t\t<div class=\"elementor-element elementor-element-c76edb5 elementor-widget elementor-widget-text-editor\" data-id=\"c76edb5\" data-element_type=\"widget\" data-widget_type=\"text-editor.default\">\n\t\t\t\t<div class=\"elementor-widget-container\">\n\t\t\t\t\t\t\t\t\tDieses Projekt wird haupts\u00e4chlich aus EFRE-Mitteln finanziert. Jeder Partner beteiligt sich an der Finanzierung, wobei einige von ihnen eine zus\u00e4tzliche Kofinanzierung erhalten. So beteiligt sich die F\u00e9d\u00e9ration Wallonie-Bruxelles (FWB) an der Finanzierung der belgischen Partner und das Ministerium f\u00fcr Arbeit, Soziales, Frauen und Gesundheit an der Finanzierung der htw saar.\t\t\t\t\t\t\t\t<\/div>\n\t\t\t\t<\/div>\n\t\t\t\t<\/div>\n\t\t<div class=\"elementor-element elementor-element-ef8d6ec e-con-full e-flex e-con e-child\" data-id=\"ef8d6ec\" data-element_type=\"container\">\n\t\t\t\t<div class=\"elementor-element elementor-element-a8a68a1 elementor-widget elementor-widget-image\" data-id=\"a8a68a1\" data-element_type=\"widget\" data-widget_type=\"image.default\">\n\t\t\t\t<div class=\"elementor-widget-container\">\n\t\t\t\t\t\t\t\t\t\t\t\t\t\t\t<img decoding=\"async\" width=\"568\" height=\"568\" src=\"https:\/\/www.capaciti.eu\/wp-content\/uploads\/2024\/10\/fwb_logo.jpg\" class=\"attachment-large size-large wp-image-182\" alt=\"Logo de la F\u00e9d\u00e9ration Wallonie-Bruxelles \u2013 F\u00f6deration Wallonien-Br\u00fcssel\" \/>\t\t\t\t\t\t\t\t\t\t\t\t\t\t\t<\/div>\n\t\t\t\t<\/div>\n\t\t\t\t<\/div>\n\t\t<div class=\"elementor-element elementor-element-9ebb88a e-con-full e-flex e-con e-child\" data-id=\"9ebb88a\" data-element_type=\"container\">\n\t\t\t\t<div class=\"elementor-element elementor-element-2ddfaac elementor-widget elementor-widget-image\" data-id=\"2ddfaac\" data-element_type=\"widget\" data-widget_type=\"image.default\">\n\t\t\t\t<div class=\"elementor-widget-container\">\n\t\t\t\t\t\t\t\t\t\t\t\t\t\t\t<img loading=\"lazy\" decoding=\"async\" width=\"316\" height=\"128\" src=\"https:\/\/www.capaciti.eu\/wp-content\/uploads\/2026\/04\/Saar_MZ_Min-ASFG-D_std_3C.png\" class=\"attachment-large size-large wp-image-1425\" alt=\"Logo du Minist\u00e8re du Travail, des Affaires sociales, des Femmes et de la Sant\u00e9 du Saarland \u2013 Ministerium f\u00fcr Arbeit, Soziales, Frauen und Gesundheit des Saarlandes\" \/>\t\t\t\t\t\t\t\t\t\t\t\t\t\t\t<\/div>\n\t\t\t\t<\/div>\n\t\t\t\t<\/div>\n\t\t\t\t<\/div>\n\t\t\t\t<\/div>","protected":false},"excerpt":{"rendered":"<p>Pr\u00e9sentation PartiCipation, plAce et Pouvoir d\u2019ACtIon des enfants dans la promoTion de leurs droIts\u00a0 Qui sommes-nous\u202f?\u202f\u00a0 CAPACITI est un projet visant \u00e0 favoriser la participation active des enfants et l\u2019inclusion &#8230;<\/p>","protected":false},"author":1,"featured_media":0,"parent":0,"menu_order":0,"comment_status":"closed","ping_status":"closed","template":"","meta":{"footnotes":""},"class_list":["post-205","page","type-page","status-publish","hentry"],"_links":{"self":[{"href":"https:\/\/www.capaciti.eu\/de\/wp-json\/wp\/v2\/pages\/205"}],"collection":[{"href":"https:\/\/www.capaciti.eu\/de\/wp-json\/wp\/v2\/pages"}],"about":[{"href":"https:\/\/www.capaciti.eu\/de\/wp-json\/wp\/v2\/types\/page"}],"author":[{"embeddable":true,"href":"https:\/\/www.capaciti.eu\/de\/wp-json\/wp\/v2\/users\/1"}],"replies":[{"embeddable":true,"href":"https:\/\/www.capaciti.eu\/de\/wp-json\/wp\/v2\/comments?post=205"}],"version-history":[{"count":127,"href":"https:\/\/www.capaciti.eu\/de\/wp-json\/wp\/v2\/pages\/205\/revisions"}],"predecessor-version":[{"id":1435,"href":"https:\/\/www.capaciti.eu\/de\/wp-json\/wp\/v2\/pages\/205\/revisions\/1435"}],"wp:attachment":[{"href":"https:\/\/www.capaciti.eu\/de\/wp-json\/wp\/v2\/media?parent=205"}],"curies":[{"name":"wp","href":"https:\/\/api.w.org\/{rel}","templated":true}]}}