{"id":209,"date":"2024-12-03T09:03:09","date_gmt":"2024-12-03T08:03:09","guid":{"rendered":"https:\/\/www.capaciti.eu\/?page_id=209"},"modified":"2025-02-11T10:28:12","modified_gmt":"2025-02-11T09:28:12","slug":"evenements","status":"publish","type":"page","link":"https:\/\/www.capaciti.eu\/de\/evenements\/","title":{"rendered":"Events"},"content":{"rendered":"<div data-elementor-type=\"wp-page\" data-elementor-id=\"209\" class=\"elementor elementor-209\">\n\t\t\t\t<div class=\"elementor-element elementor-element-772cfb1 e-con-full e-flex e-con e-parent\" data-id=\"772cfb1\" data-element_type=\"container\">\n\t\t\t\t<div class=\"elementor-element elementor-element-aa3add2 premium-blog-align-left elementor-widget elementor-widget-premium-addon-blog\" data-id=\"aa3add2\" data-element_type=\"widget\" data-settings=\"{&quot;force_height&quot;:&quot;true&quot;,&quot;premium_blog_columns_number&quot;:&quot;33.33%&quot;,&quot;premium_blog_grid&quot;:&quot;yes&quot;,&quot;premium_blog_layout&quot;:&quot;even&quot;,&quot;premium_blog_columns_number_tablet&quot;:&quot;50%&quot;,&quot;premium_blog_columns_number_mobile&quot;:&quot;100%&quot;,&quot;scroll_to_offset&quot;:&quot;yes&quot;}\" data-widget_type=\"premium-addon-blog.default\">\n\t\t\t\t<div class=\"elementor-widget-container\">\n\t\t\t\t\t\r\n\t\t\t\t<div class=\"premium-blog-wrap  premium-blog-even\" data-page=\"209\">\r\n\t\t\t\t\t<div class=\"premium-blog-post-outer-container\" data-total=\"1\">\r\n\t\t\t<div class=\"premium-blog-post-container premium-blog-skin-modern\">\r\n\t\t\t\t\t\t\t\t\t<div class=\"premium-blog-thumb-effect-wrapper\">\r\n\t\t\t\t\t\t<div class=\"premium-blog-thumbnail-container premium-blog-zoomin-effect\">\r\n\t\t\t\t\t\t\t\t\t\t\t<a href=\"https:\/\/www.capaciti.eu\/de\/blog\/2026\/04\/22\/11-juin-2026-journee-detude-du-projet-capaciti-les-droits-des-enfants-et-des-jeunes-pour-tous-partout\/\" target=\"_self\">\r\n\t\t\t\t<img fetchpriority=\"high\" decoding=\"async\" width=\"848\" height=\"900\" src=\"https:\/\/www.capaciti.eu\/wp-content\/uploads\/2026\/04\/vignette-site-event.png\" class=\"attachment-full size-full wp-image-1446\" alt=\"\" \/>\t\t\t\t<\/a>\r\n\t\t\t\t\t\t\t\t\t\t<\/div>\r\n\t\t\t\t\t\t\t\t\t\t\t\t\t<div class=\"premium-blog-effect-container premium-blog-framed-effect\">\r\n\t\t\t\t\t\t\t\t<a class=\"premium-blog-post-link\" href=\"https:\/\/www.capaciti.eu\/de\/blog\/2026\/04\/22\/11-juin-2026-journee-detude-du-projet-capaciti-les-droits-des-enfants-et-des-jeunes-pour-tous-partout\/\" target=\"_self\"><span>11. Juni 2026: Studientag des CAPACITI-Projekts: Kinder- und Jugendrechte: F\u00fcr alle, \u00fcberall?<\/span><\/a>\r\n\t\t\t\t\t\t\t\t\t\t\t\t\t\t\t<\/div>\r\n\t\t\t\t\t\t\t\t\t\t\t<\/div>\r\n\t\t\t\t\t\t\t\t\t\t\t\t<div class=\"premium-blog-content-wrapper\">\r\n\r\n\t\t\t\t\t<div class=\"premium-blog-inner-container\">\r\n\r\n\t\t\t\t\t\t\t\t\t\t\t\t\t\t<h2 class=\"premium-blog-entry-title\">\r\n\t\t\t<a href=\"https:\/\/www.capaciti.eu\/de\/blog\/2026\/04\/22\/11-juin-2026-journee-detude-du-projet-capaciti-les-droits-des-enfants-et-des-jeunes-pour-tous-partout\/\" target=\"_self\">\r\n\t\t\t\t11. Juni 2026: Studientag des CAPACITI-Projekts: Kinder- und Jugendrechte: F\u00fcr alle, \u00fcberall?\t\t\t<\/a>\r\n\t\t<\/h2>\r\n\t\t\t\t<div class=\"premium-blog-entry-meta\">\r\n\t\t\t\r\n\t\t\t\r\n\t\t\t\r\n\t\t\t\t\t<\/div>\r\n\t\t\r\n\t\t\t\t\t<\/div>\r\n\r\n\t\t\t\t\t\t\t\t\t\t\r\n\t\t\t\t<\/div>\r\n\t\t\t<\/div>\r\n\t\t<\/div>\r\n\r\n\t\t\t\t<div class=\"premium-blog-post-outer-container\" data-total=\"1\">\r\n\t\t\t<div class=\"premium-blog-post-container premium-blog-skin-modern\">\r\n\t\t\t\t\t\t\t\t\t<div class=\"premium-blog-thumb-effect-wrapper\">\r\n\t\t\t\t\t\t<div class=\"premium-blog-thumbnail-container premium-blog-zoomin-effect\">\r\n\t\t\t\t\t\t\t\t\t\t\t<a href=\"https:\/\/www.capaciti.eu\/de\/blog\/2026\/01\/22\/le-recueil-de-la-parole-de-lenfant-en-contexte-judiciaire\/\" target=\"_self\">\r\n\t\t\t\t<img decoding=\"async\" width=\"848\" height=\"900\" src=\"https:\/\/www.capaciti.eu\/wp-content\/uploads\/2026\/01\/seminaire_justice.png\" class=\"attachment-full size-full wp-image-1201\" alt=\"\" \/>\t\t\t\t<\/a>\r\n\t\t\t\t\t\t\t\t\t\t<\/div>\r\n\t\t\t\t\t\t\t\t\t\t\t\t\t<div class=\"premium-blog-effect-container premium-blog-framed-effect\">\r\n\t\t\t\t\t\t\t\t<a class=\"premium-blog-post-link\" href=\"https:\/\/www.capaciti.eu\/de\/blog\/2026\/01\/22\/le-recueil-de-la-parole-de-lenfant-en-contexte-judiciaire\/\" target=\"_self\"><span>Seminar : Die Erhebung der Aussage des Kindes im gerichtlichen Kontext [Veranstaltung beendet]<\/span><\/a>\r\n\t\t\t\t\t\t\t\t\t\t\t\t\t\t\t<\/div>\r\n\t\t\t\t\t\t\t\t\t\t\t<\/div>\r\n\t\t\t\t\t\t\t\t\t\t\t\t<div class=\"premium-blog-content-wrapper\">\r\n\r\n\t\t\t\t\t<div class=\"premium-blog-inner-container\">\r\n\r\n\t\t\t\t\t\t\t\t\t\t\t\t\t\t<h2 class=\"premium-blog-entry-title\">\r\n\t\t\t<a href=\"https:\/\/www.capaciti.eu\/de\/blog\/2026\/01\/22\/le-recueil-de-la-parole-de-lenfant-en-contexte-judiciaire\/\" target=\"_self\">\r\n\t\t\t\tSeminar : Die Erhebung der Aussage des Kindes im gerichtlichen Kontext [Veranstaltung beendet]\t\t\t<\/a>\r\n\t\t<\/h2>\r\n\t\t\t\t<div class=\"premium-blog-entry-meta\">\r\n\t\t\t\r\n\t\t\t\r\n\t\t\t\r\n\t\t\t\t\t<\/div>\r\n\t\t\r\n\t\t\t\t\t<\/div>\r\n\r\n\t\t\t\t\t\t\t\t\t\t\r\n\t\t\t\t<\/div>\r\n\t\t\t<\/div>\r\n\t\t<\/div>\r\n\r\n\t\t\t\t<div class=\"premium-blog-post-outer-container\" data-total=\"1\">\r\n\t\t\t<div class=\"premium-blog-post-container premium-blog-skin-modern\">\r\n\t\t\t\t\t\t\t\t\t<div class=\"premium-blog-thumb-effect-wrapper\">\r\n\t\t\t\t\t\t<div class=\"premium-blog-thumbnail-container premium-blog-zoomin-effect\">\r\n\t\t\t\t\t\t\t\t\t\t\t<a href=\"https:\/\/www.capaciti.eu\/de\/blog\/2025\/01\/29\/recolter-le-point-de-vue-des-petits-enfants-et-les-informer-pour-engager-leur-participation-regards-croises-interdisciplinaire-et-transfrontalier\/\" target=\"_self\">\r\n\t\t\t\t<img decoding=\"async\" width=\"848\" height=\"900\" src=\"https:\/\/www.capaciti.eu\/wp-content\/uploads\/2025\/01\/event_one_thumbnails.png\" class=\"attachment-full size-full wp-image-1207\" alt=\"\" \/>\t\t\t\t<\/a>\r\n\t\t\t\t\t\t\t\t\t\t<\/div>\r\n\t\t\t\t\t\t\t\t\t\t\t\t\t<div class=\"premium-blog-effect-container premium-blog-framed-effect\">\r\n\t\t\t\t\t\t\t\t<a class=\"premium-blog-post-link\" href=\"https:\/\/www.capaciti.eu\/de\/blog\/2025\/01\/29\/recolter-le-point-de-vue-des-petits-enfants-et-les-informer-pour-engager-leur-participation-regards-croises-interdisciplinaire-et-transfrontalier\/\" target=\"_self\"><span>Seminar: Die Sichtweisen von Kleinkindern einholen und sie informieren, um ihre Beteiligung zu f\u00f6rdern. Interdisziplin\u00e4re und grenz\u00fcberschreitende Perspektiven [Veranstaltung beendet]<\/span><\/a>\r\n\t\t\t\t\t\t\t\t\t\t\t\t\t\t\t<\/div>\r\n\t\t\t\t\t\t\t\t\t\t\t<\/div>\r\n\t\t\t\t\t\t\t\t\t\t\t\t<div class=\"premium-blog-content-wrapper\">\r\n\r\n\t\t\t\t\t<div class=\"premium-blog-inner-container\">\r\n\r\n\t\t\t\t\t\t\t\t\t\t\t\t\t\t<h2 class=\"premium-blog-entry-title\">\r\n\t\t\t<a href=\"https:\/\/www.capaciti.eu\/de\/blog\/2025\/01\/29\/recolter-le-point-de-vue-des-petits-enfants-et-les-informer-pour-engager-leur-participation-regards-croises-interdisciplinaire-et-transfrontalier\/\" target=\"_self\">\r\n\t\t\t\tSeminar: Die Sichtweisen von Kleinkindern einholen und sie informieren, um ihre Beteiligung zu f\u00f6rdern. Interdisziplin\u00e4re und grenz\u00fcberschreitende Perspektiven [Veranstaltung beendet]\t\t\t<\/a>\r\n\t\t<\/h2>\r\n\t\t\t\t<div class=\"premium-blog-entry-meta\">\r\n\t\t\t\r\n\t\t\t\r\n\t\t\t\r\n\t\t\t\t\t<\/div>\r\n\t\t\r\n\t\t\t\t\t<\/div>\r\n\r\n\t\t\t\t\t\t\t\t\t\t\r\n\t\t\t\t<\/div>\r\n\t\t\t<\/div>\r\n\t\t<\/div>\r\n\r\n\t\t\t\t<\/div>\r\n\r\n\t\t\t\t\t\t<\/div>\n\t\t\t\t<\/div>\n\t\t\t\t<\/div>\n\t\t\t\t<\/div>","protected":false},"excerpt":{"rendered":"<p>Die Sichtweise der Kleinkinder einholen und sie informieren, um sie zur Teilnahme zu motivieren. Interdisziplin\u00e4re und grenz\u00fcberschreitende Perspektiven<\/p>","protected":false},"author":1,"featured_media":0,"parent":0,"menu_order":0,"comment_status":"closed","ping_status":"closed","template":"","meta":{"footnotes":""},"class_list":["post-209","page","type-page","status-publish","hentry"],"_links":{"self":[{"href":"https:\/\/www.capaciti.eu\/de\/wp-json\/wp\/v2\/pages\/209"}],"collection":[{"href":"https:\/\/www.capaciti.eu\/de\/wp-json\/wp\/v2\/pages"}],"about":[{"href":"https:\/\/www.capaciti.eu\/de\/wp-json\/wp\/v2\/types\/page"}],"author":[{"embeddable":true,"href":"https:\/\/www.capaciti.eu\/de\/wp-json\/wp\/v2\/users\/1"}],"replies":[{"embeddable":true,"href":"https:\/\/www.capaciti.eu\/de\/wp-json\/wp\/v2\/comments?post=209"}],"version-history":[{"count":10,"href":"https:\/\/www.capaciti.eu\/de\/wp-json\/wp\/v2\/pages\/209\/revisions"}],"predecessor-version":[{"id":762,"href":"https:\/\/www.capaciti.eu\/de\/wp-json\/wp\/v2\/pages\/209\/revisions\/762"}],"wp:attachment":[{"href":"https:\/\/www.capaciti.eu\/de\/wp-json\/wp\/v2\/media?parent=209"}],"curies":[{"name":"wp","href":"https:\/\/api.w.org\/{rel}","templated":true}]}}